{"id":35,"date":"2019-03-29T07:23:10","date_gmt":"2019-03-29T07:23:10","guid":{"rendered":"https:\/\/psgsuli.hu\/gimnazium\/?page_id=35"},"modified":"2026-01-05T22:36:36","modified_gmt":"2026-01-05T22:36:36","slug":"osd","status":"publish","type":"page","link":"https:\/\/psgsuli.hu\/gimnazium\/osd\/","title":{"rendered":"\u00d6SD"},"content":{"rendered":"<h4><span style=\"font-family: verdana, geneva, sans-serif; color: #000000;\"><img loading=\"lazy\" decoding=\"async\" class=\"size-full wp-image-430 aligncenter\" src=\"https:\/\/psgsuli.hu\/gimnazium\/wp-content\/uploads\/sites\/3\/2019\/05\/osd_logo.png\" alt=\"\" width=\"500\" height=\"200\" srcset=\"https:\/\/psgsuli.hu\/gimnazium\/wp-content\/uploads\/sites\/3\/2019\/05\/osd_logo.png 500w, https:\/\/psgsuli.hu\/gimnazium\/wp-content\/uploads\/sites\/3\/2019\/05\/osd_logo-300x120.png 300w\" sizes=\"auto, (max-width: 500px) 100vw, 500px\" \/><\/span><\/h4>\n<h4 style=\"text-align: justify;\"><span style=\"font-family: verdana, geneva, sans-serif; color: #000000;\"><strong>Jelen<\/strong><strong> vizsgaszab\u00e1lyzat<\/strong><strong> a<\/strong><strong> Mez\u0151ber\u00e9nyi Pet\u0151fi S\u00e1ndor Evang\u00e9likus \u00c1ltal\u00e1nos Iskola, Gimn\u00e1zium \u00e9s Koll\u00e9gium Pet\u0151fi \u00e9s Goethe Alap\u00edtv\u00e1nya \u00e1ltal lebonyol\u00edtott<\/strong><strong> nyelvvizsg\u00e1kra<\/strong><strong> vonatkozik. <\/strong>(Friss\u00edtve 2025. janu\u00e1r 29.)<\/span><\/h4>\n<h4><img loading=\"lazy\" decoding=\"async\" class=\"aligncenter wp-image-7163 size-full\" src=\"https:\/\/psgsuli.hu\/gimnazium\/wp-content\/uploads\/sites\/3\/2022\/01\/t\u00e9rk\u00e9p.jpg\" alt=\"\" width=\"606\" height=\"468\" srcset=\"https:\/\/psgsuli.hu\/gimnazium\/wp-content\/uploads\/sites\/3\/2022\/01\/t\u00e9rk\u00e9p.jpg 606w, https:\/\/psgsuli.hu\/gimnazium\/wp-content\/uploads\/sites\/3\/2022\/01\/t\u00e9rk\u00e9p-300x232.jpg 300w\" sizes=\"auto, (max-width: 606px) 100vw, 606px\" \/><\/h4>\n<h4><\/h4>\n<h4 style=\"text-align: justify;\"><span style=\"text-decoration: underline;\"><span style=\"font-family: verdana, geneva, sans-serif; color: #000000; text-decoration: underline;\"><strong><span style=\"font-size: 18pt;\">Az \u00d6SD nyelvvizsg\u00e1r\u00f3l<\/span> <\/strong><\/span><\/span><\/h4>\n<p>&nbsp;<\/p>\n<h4 style=\"text-align: justify;\"><span style=\"font-family: verdana, geneva, sans-serif; color: #000000;\">Az akkredit\u00e1lt \u00e9s nemzetk\u00f6zileg elismert \u00d6SD nyelvvizsg\u00e1k el\u0151nyt jelentenek a tov\u00e1bbtanul\u00e1sn\u00e1l \u00e9s a globaliz\u00e1lt munkaer\u0151piacon. Int\u00e9zm\u00e9ny\u00fcnk <strong>B2 \u00e9s C1<\/strong> szinten k\u00edn\u00e1l vizsgalehet\u0151s\u00e9get.<\/span><\/h4>\n<h4 style=\"text-align: justify;\"><span style=\"font-family: verdana, geneva, sans-serif; color: #000000;\">Az Osztr\u00e1k Nyelvi Diploma egy nemzetk\u00f6zileg elismert bizony\u00edtv\u00e1ny. A Nyelvvizsg\u00e1t <a style=\"color: #000000;\" href=\"http:\/\/www.nyak.hu\/hol\/detail.asp?strUid=AAAAAM\">Akkredital\u00f3 Test\u00fclet hat\u00e1rozata<\/a> \u00e9rtelm\u00e9ben az \u00e1ltalunk k\u00edn\u00e1lt \u00d6SD vizsg\u00e1k Magyarorsz\u00e1gon akkredit\u00e1ltak. Ennek \u00e9rtelm\u00e9ben a sikeres vizsg\u00e1z\u00f3k osztr\u00e1k, nemzetk\u00f6zileg elismert nyelvvizsga-bizony\u00edtv\u00e1nyt \u00e9s a magyar \u00e1llam \u00e1ltal elismert nyelvvizsga-bizony\u00edtv\u00e1nyt is kapnak.<\/span><\/h4>\n<h4 style=\"text-align: justify;\"><span style=\"font-family: verdana, geneva, sans-serif; color: #000000;\">Az \u00d6SD (\u00d6sterreichisches Sprachdiplom Deutsch) vizsgarendszer k\u00fclf\u00f6ldi fejleszt\u00e9s\u0171. A vizsga egynyelv\u0171, az \u00e1ltal\u00e1nos nyelvi n\u00e9met nyelvtud\u00e1st m\u00e9ri. Az Osztr\u00e1k Nyelvi Diploma, (\u00d6sterreichisches Sprachdiplom Deutsch, \u00d6SD) kidolgoz\u00e1s\u00e1t k\u00e9t osztr\u00e1k sz\u00f6vets\u00e9gi miniszt\u00e9rium kezdem\u00e9nyezte; \u00e1llamilag elismert, szigor\u00fa min\u0151s\u00e9gi krit\u00e9riumrendszer szerint ellen\u0151rz\u00f6tt n\u00e9metnyelv-vizsga. A nemzetk\u00f6zileg is elismert vizsg\u00e1k az <a href=\"http:\/\/www.nyak.hu\/hol\/%60http:\/www.osd.at\/faq\/GER.asp%60\">Eur\u00f3pa Tan\u00e1cs K\u00f6z\u00f6s Eur\u00f3pai Referenciakeret<\/a> szintjeihez (KER) \u00e9s a \u201eProfile Deutsch\u201d szint-meghat\u00e1roz\u00e1saihoz igazodnak.<\/span><\/h4>\n<h4 style=\"text-align: justify;\"><span style=\"font-family: verdana, geneva, sans-serif; color: #000000;\">Az \u00d6SD teljes jog\u00fa tagja a Cambridge-i Egyetem \u00e1ltal alap\u00edtott ALTE (Association of Language Testers in Europe) szervezetnek, amely a vizsg\u00e1k feladatait min\u0151s\u00e9gbiztos\u00edt\u00e1si szempontb\u00f3l rendszeresen ellen\u0151rzi.<\/span><\/h4>\n<h4 style=\"text-align: justify;\"><span style=\"font-family: verdana, geneva, sans-serif; color: #000000;\">Az \u00d6SD-vizsga pluricentrikus, nagy hangs\u00falyt fektet a kiv\u00e1lasztott sz\u00f6vegek hiteless\u00e9g\u00e9re. A vizsg\u00e1k \u00edr\u00e1sbeli (olvasott sz\u00f6veg\u00e9rt\u00e9s, hallott sz\u00f6veg\u00e9rt\u00e9s, ir\u00e1ny\u00edtott fogalmaz\u00e1s\/lev\u00e9l) \u00e9s sz\u00f3beli (ir\u00e1ny\u00edtott besz\u00e9lget\u00e9s) r\u00e9szekb\u0151l \u00e1llnak. A vizsg\u00e1k els\u0151sorban a h\u00e9tk\u00f6znapi \u00e9lethez sz\u00fcks\u00e9ges \u00edr\u00e1sbeli \u00e9s sz\u00f3beli kommunik\u00e1ci\u00f3s k\u00e9szs\u00e9get tesztelik.<\/span><\/h4>\n<p>&nbsp;<\/p>\n<h4 style=\"text-align: justify;\"><span style=\"font-family: verdana, geneva, sans-serif; color: #000000;\"><strong>\u00d6SD vizsg\u00e1ink<\/strong>:<\/span><\/h4>\n<ul style=\"text-align: justify;\">\n<li>\n<h4><span style=\"font-family: verdana, geneva, sans-serif; color: #000000;\"><strong>\u00d6SD Zertifikat <\/strong><strong>B2<\/strong> = 60%-t\u00f3l k\u00f6z\u00e9pfok C <\/span><\/h4>\n<\/li>\n<\/ul>\n<ul style=\"text-align: justify;\">\n<li>\n<h4><span style=\"font-family: verdana, geneva, sans-serif; color: #000000;\"><strong>\u00d6SD Zertifikat C1<\/strong> = 60%-t\u00f3l fels\u0151fok C<\/span><\/h4>\n<\/li>\n<\/ul>\n<h4 style=\"text-align: justify;\"><span style=\"font-family: verdana, geneva, sans-serif; color: #000000;\">A vizsga mindk\u00e9t szinten <strong>komplex<\/strong>, vagyis \u00edr\u00e1sbeli \u00e9s sz\u00f3beli r\u00e9szvizsg\u00e1b\u00f3l \u00e1ll. Az egyes vizsgar\u00e9szekn\u00e9l el\u00e9rend\u0151 minim\u00e1lis ponthat\u00e1r\u00e9rt l\u00e1sd a \u201eVizsgaeredm\u00e9nyek\u201d pontot.<\/span><\/h4>\n<h4 style=\"text-align: justify;\"><span style=\"font-family: verdana, geneva, sans-serif; color: #000000;\">Az \u00d6SD vizsgaszab\u00e1lyzat szerint az \u00edr\u00e1sbeli vagy sz\u00f3beli r\u00e9szvizsg\u00e1t k\u00fcl\u00f6n is le lehet tenni, amennyiben vizsg\u00e1z\u00f3 ezt egy \u00e9ven bel\u00fcl teljes\u00edti. <strong>\u00c1llamilag elismert nyelvvizsga-bizony\u00edtv\u00e1ny azonban csak abban az esetben \u00e1ll\u00edthat\u00f3 ki, ha a vizsg\u00e1z\u00f3 az \u00edr\u00e1sbeli \u00e9s a sz\u00f3beli vizsg\u00e1t egy vizsgaid\u0151szakon bel\u00fcl teszi le sikeresen!<\/strong><\/span><\/h4>\n<p>&nbsp;<\/p>\n<h4 style=\"text-align: justify;\"><span style=\"text-decoration: underline;\"><span style=\"font-family: verdana, geneva, sans-serif; color: #000000; font-size: 18pt; text-decoration: underline;\"><strong> Akkredit\u00e1lt nyelvvizsg\u00e1ink<\/strong><\/span><\/span><\/h4>\n<p>&nbsp;<\/p>\n<ul style=\"text-align: justify;\">\n<li>\n<h4><span style=\"font-family: verdana, geneva, sans-serif; color: #000000;\">k\u00f6z\u00e9pfok: \u00d6SD Zertifikat <a style=\"color: #000000;\" href=\"http:\/\/www.osd.at\/default.aspx?SIid=32&amp;LAid=1&amp;ARid=107\">B2<\/a> <a style=\"color: #000000;\" href=\"http:\/\/www.osd.at\/default.aspx?SIid=32&amp;LAid=1&amp;ARid=107\">(kor\u00e1bban B2 Mittelstufe Deutsch)<\/a><\/span><\/h4>\n<\/li>\n<li>\n<h4><span style=\"font-family: verdana, geneva, sans-serif; color: #000000;\">fels\u0151fok:\u00a0\u00a0 \u00d6SD Zertifikat <a style=\"color: #000000;\" href=\"http:\/\/www.osd.at\/default.aspx?SIid=32&amp;LAid=1&amp;ARid=108\">C1<\/a> <a style=\"color: #000000;\" href=\"http:\/\/www.osd.at\/default.aspx?SIid=32&amp;LAid=1&amp;ARid=108\">(kor\u00e1bban Oberstufe Deutsch C1)<\/a><\/span><\/h4>\n<\/li>\n<\/ul>\n<h4 style=\"text-align: justify;\"><\/h4>\n<h4 style=\"text-align: justify;\"><span style=\"font-family: verdana, geneva, sans-serif; color: #000000;\"><strong>Magyar nyelv\u0171 vizsgale\u00edr\u00e1sok<\/strong><\/span><\/h4>\n<h4 style=\"text-align: justify;\"><span style=\"color: #0000ff;\"><a style=\"color: #0000ff;\" href=\"https:\/\/www.budapest.oesterreichinstitut.hu\/nemet-nyelvvizsgak-oesd\/az-oesd-vizsgakrol\/\"><span style=\"font-family: verdana, geneva, sans-serif;\"><strong>https:\/\/www.budapest.oesterreichinstitut.hu\/nemet-nyelvvizsgak-oesd\/az-oesd-vizsgakrol\/<\/strong> <\/span><\/a><\/span><\/h4>\n<h4 style=\"text-align: justify;\"><span style=\"font-family: verdana, geneva, sans-serif; color: #000000;\">A nyelvvizsga sz\u00f3beli \u00e9s \u00edr\u00e1sbeli r\u00e9szb\u0151l \u00e1ll. A vizsga k\u00f6zpontj\u00e1ban a val\u00f3s szitu\u00e1ci\u00f3kban haszn\u00e1lt kommunik\u00e1ci\u00f3s k\u00e9szs\u00e9gek \u00e1llnak.<\/span><\/h4>\n<p>&nbsp;<\/p>\n<p>&nbsp;<\/p>\n<h4 style=\"text-align: justify;\"><span style=\"text-decoration: underline;\"><span style=\"font-family: verdana, geneva, sans-serif; color: #000000; text-decoration: underline;\"><strong>Mintavizsg\u00e1k:<\/strong><\/span><\/span><\/h4>\n<h4 style=\"text-align: justify;\"><span style=\"font-family: verdana, geneva, sans-serif; color: #000000;\"><span style=\"color: #0000ff;\"><a style=\"color: #0000ff;\" href=\"http:\/\/www.osd.at\">http:\/\/www.osd.at<\/a><\/span> (Modellpr\u00fcfungen)<\/span><\/h4>\n<p>&nbsp;<\/p>\n<h4 style=\"text-align: justify;\"><span style=\"text-decoration: underline;\"><span style=\"font-family: verdana, geneva, sans-serif; color: #000000; text-decoration: underline;\">\u00d6SD-mintafeladatsorok:<\/span><\/span><\/h4>\n<h4><span style=\"color: #0000ff; font-family: verdana, geneva, sans-serif;\"><a style=\"color: #0000ff;\" href=\"https:\/\/www.osd.at\/die-pruefungen\/osd-prufungen\/oesd-zertifikat-b2-zb2\/\">B2<\/a><\/span><\/h4>\n<h4><span style=\"font-family: verdana, geneva, sans-serif;\"><a href=\"https:\/\/www.osd.at\/die-pruefungen\/osd-prufungen\/oesd-zertifikat-c1-zc1\/\"><span style=\"color: #0000ff;\">C1<\/span><\/a><\/span><\/h4>\n<h4><\/h4>\n<h4 style=\"text-align: justify;\"><span style=\"text-decoration: underline;\"><span style=\"font-family: verdana, geneva, sans-serif; color: #000000; text-decoration: underline;\"><strong>Szintfelm\u00e9r\u0151 teszt:<\/strong><\/span><\/span><\/h4>\n<h4 style=\"text-align: justify;\"><span style=\"font-family: verdana, geneva, sans-serif; color: #0000ff;\"><a style=\"color: #0000ff;\" href=\"https:\/\/www.budapest.oesterreichinstitut.hu\/nemet-tanulas-budapesten\/szintfelmero-teszt\/\">https:\/\/www.budapest.oesterreichinstitut.hu\/nemet-tanulas-budapesten\/szintfelmero-teszt\/<\/a><\/span><\/h4>\n<h4><\/h4>\n<p>&nbsp;<\/p>\n<h4 style=\"text-align: justify;\"><strong><span style=\"text-decoration: underline;\"><span style=\"font-family: verdana, geneva, sans-serif; color: #000000; text-decoration: underline;\">Pr\u00f3bavizsg\u00e1val kapcsolatos inform\u00e1ci\u00f3k:<\/span><\/span><\/strong><\/h4>\n<h4><span style=\"color: #0000ff; font-family: verdana, geneva, sans-serif;\"><a style=\"color: #0000ff;\" href=\"https:\/\/www.budapest.oesterreichinstitut.hu\/nemet-nyelvvizsgak-oesd\/probavizsga\/\">https:\/\/www.budapest.oesterreichinstitut.hu\/nemet-nyelvvizsgak-oesd\/probavizsga\/<\/a><\/span><\/h4>\n<h3><\/h3>\n<h3><span style=\"color: #000000; font-family: verdana, geneva, sans-serif;\"><strong>\u00d6SD vizsgaid\u0151pontok Mez\u0151ber\u00e9nyben 2026-ban:<\/strong><\/span><\/h3>\n<table style=\"width: 773px;\" border=\"1\" width=\"773\">\n<tbody>\n<tr>\n<td width=\"126\">\n<h4><span style=\"font-family: verdana, geneva, sans-serif; color: #000000;\"><strong>\u00cdr\u00e1sbeli vizsga<\/strong>*<\/span><\/h4>\n<\/td>\n<td width=\"126\">\n<h4><span style=\"font-family: verdana, geneva, sans-serif; color: #000000;\"><strong>Sz\u00f3beli vizsga<\/strong><\/span><\/h4>\n<\/td>\n<td width=\"82\">\n<h4><span style=\"font-family: verdana, geneva, sans-serif; color: #000000;\"><strong>Szintek<\/strong><\/span><\/h4>\n<\/td>\n<td width=\"129\">\n<h4><span style=\"font-family: verdana, geneva, sans-serif; color: #000000;\"><strong>Jelentkez\u00e9si id\u0151szak<\/strong><\/span><\/h4>\n<\/td>\n<td width=\"130\">\n<h4><span style=\"font-family: verdana, geneva, sans-serif; color: #000000;\"><strong>Eredm\u00e9nyek<\/strong><\/span><\/h4>\n<\/td>\n<td width=\"180\">\n<h4><span style=\"font-family: verdana, geneva, sans-serif; color: #000000;\"><strong>Bizony\u00edtv\u00e1nyok*<\/strong>*<\/span><\/h4>\n<\/td>\n<\/tr>\n<tr>\n<td width=\"126\">\n<h4><span style=\"font-family: verdana, geneva, sans-serif; color: #000000;\"><strong>2026.02.20.<\/strong><\/span><\/h4>\n<p>&nbsp;<\/td>\n<td width=\"126\">\n<h4><span style=\"font-family: verdana, geneva, sans-serif; color: #000000;\"><strong>2026.02.21. \u2013 02.27.<\/strong><\/span><\/h4>\n<\/td>\n<td width=\"82\">\n<h4><span style=\"font-family: verdana, geneva, sans-serif; color: #000000;\"><strong>B1, B2, C1<\/strong><\/span><\/h4>\n<\/td>\n<td width=\"129\">\n<h4><span style=\"font-family: verdana, geneva, sans-serif; color: #000000;\"><strong>2026.01.06. \u2013 01.26.\u00a0<\/strong><\/span><\/h4>\n<\/td>\n<td width=\"130\">\n<h4><span style=\"font-family: verdana, geneva, sans-serif; color: #000000;\"><strong>2026.03.16.<\/strong><\/span><\/h4>\n<\/td>\n<td width=\"180\">\n<h4><span style=\"font-family: verdana, geneva, sans-serif; color: #000000;\"><strong>2026.03.28.<\/strong><\/span><\/h4>\n<\/td>\n<\/tr>\n<tr>\n<td width=\"126\">\n<h4><span style=\"font-family: verdana, geneva, sans-serif; color: #000000;\"><strong>2026.05.08.<\/strong><\/span><\/h4>\n<p>&nbsp;<\/td>\n<td width=\"126\">\n<h4><span style=\"font-family: verdana, geneva, sans-serif; color: #000000;\"><strong>2026.05.09. \u2013 05.15.<\/strong><\/span><\/h4>\n<\/td>\n<td width=\"82\">\n<h4><span style=\"font-family: verdana, geneva, sans-serif; color: #000000;\"><strong>B1, B2, C1<\/strong><\/span><\/h4>\n<\/td>\n<td width=\"129\">\n<h4><span style=\"font-family: verdana, geneva, sans-serif; color: #000000;\"><strong>2026.03.20. \u2013 04.10.\u00a0<\/strong><\/span><\/h4>\n<\/td>\n<td width=\"130\">\n<h4><span style=\"font-family: verdana, geneva, sans-serif; color: #000000;\"><strong>2026.05.28.<\/strong><\/span><\/h4>\n<\/td>\n<td width=\"180\">\n<h4><span style=\"font-family: verdana, geneva, sans-serif; color: #000000;\"><strong>2026.06.15.<\/strong><\/span><\/h4>\n<\/td>\n<\/tr>\n<tr>\n<td width=\"126\">\n<h4><span style=\"font-family: verdana, geneva, sans-serif; color: #000000;\"><strong>2026.11.27.<\/strong><\/span><\/h4>\n<p>&nbsp;<\/td>\n<td width=\"126\">\n<h4><span style=\"font-family: verdana, geneva, sans-serif; color: #000000;\"><strong>2026.11.28. \u2013 12.04.<\/strong><\/span><\/h4>\n<\/td>\n<td width=\"82\">\n<h4><span style=\"font-family: verdana, geneva, sans-serif; color: #000000;\"><strong>B1, B2, C1<\/strong><\/span><\/h4>\n<\/td>\n<td width=\"129\">\n<h4><span style=\"font-family: verdana, geneva, sans-serif; color: #000000;\"><strong>2026.10.01. \u2013 10.21.\u00a0<\/strong><\/span><\/h4>\n<\/td>\n<td width=\"130\">\n<h4><span style=\"font-family: verdana, geneva, sans-serif; color: #000000;\"><strong>2026.12.18.<\/strong><\/span><\/h4>\n<\/td>\n<td width=\"180\">\n<h4><span style=\"font-family: verdana, geneva, sans-serif; color: #000000;\"><strong>2027.01.15.<\/strong><\/span><\/h4>\n<\/td>\n<\/tr>\n<\/tbody>\n<\/table>\n<h4 style=\"text-align: justify;\"><span style=\"font-family: verdana, geneva, sans-serif; color: #000000;\">Az \u00edr\u00e1sbeli \u00e9s a sz\u00f3beli vizsga \u00e1ltal\u00e1ban k\u00e9t k\u00fcl\u00f6n napon zajlik. A sz\u00f3beli vizsga id\u0151pontj\u00e1t csak a jelentkez\u00e9si hat\u00e1rid\u0151 lej\u00e1rt\u00e1t k\u00f6vet\u0151en tudjuk megadni. Adott vizsgaid\u0151szakon bel\u00fcl a vizsga napja nem m\u00f3dos\u00edthat\u00f3.<\/span><\/h4>\n<h4 style=\"text-align: justify;\"><span style=\"font-family: verdana, geneva, sans-serif; color: #000000;\"><strong><sup>*<\/sup><\/strong>A bizony\u00edtv\u00e1nyok \u00e1tv\u00e9tel\u00e9r\u0151l \u00e9rdemes el\u0151zetesen telefonon \u00e9rdekl\u0151dni!<strong> A bizony\u00edtv\u00e1nyok \u00e1tv\u00e9tel\u00e9re vonatkoz\u00f3 d\u00e1tumok t\u00e1j\u00e9koztat\u00f3 jelleg\u0171ek. <\/strong><\/span><\/h4>\n<p>&nbsp;<\/p>\n<h4 style=\"text-align: justify;\"><span style=\"text-decoration: underline;\"><span style=\"font-family: verdana, geneva, sans-serif; color: #000000; font-size: 18pt; text-decoration: underline;\"><strong>Vizsgad\u00edjak<\/strong><\/span><\/span><\/h4>\n<p>&nbsp;<\/p>\n<h4 style=\"text-align: justify;\"><span style=\"font-family: verdana, geneva, sans-serif; color: #000000;\"><strong>Vizsgad\u00edjak 2025. janu\u00e1r 29-t\u0151l<\/strong><\/span><\/h4>\n<table style=\"width: 773px;\" border=\"1\" width=\"773\">\n<tbody>\n<tr>\n<td>\n<h4><span style=\"color: #000000; font-family: verdana, geneva, sans-serif;\"><strong>Vizsgaszint<\/strong><\/span><\/h4>\n<\/td>\n<td>\n<h4><span style=\"color: #000000; font-family: verdana, geneva, sans-serif;\"><strong>\u00a0Vizsgad\u00edj**<\/strong><\/span><\/h4>\n<\/td>\n<td>\n<h4><span style=\"color: #000000; font-family: verdana, geneva, sans-serif;\"><strong>Vizsgad\u00edj<\/strong><strong><br \/>\n<\/strong><strong>bels\u0151 vizsg\u00e1z\u00f3k sz\u00e1m\u00e1ra*<\/strong><\/span><\/h4>\n<\/td>\n<\/tr>\n<tr>\n<td>\n<h4><span style=\"color: #000000; font-family: verdana, geneva, sans-serif;\"><strong>\u00a0 \u00d6SD Zertifikat B2<\/strong><\/span><\/h4>\n<\/td>\n<td>\n<h4><span style=\"color: #000000; font-family: verdana, geneva, sans-serif;\"><strong>\u00a0 58.000,- Ft<\/strong><\/span><\/h4>\n<\/td>\n<td>\n<h4><span style=\"color: #000000; font-family: verdana, geneva, sans-serif;\"><strong>\u00a0 55.000,- Ft<br \/>\n<\/strong><\/span><\/h4>\n<\/td>\n<\/tr>\n<tr>\n<td>\n<h4><span style=\"color: #000000; font-family: verdana, geneva, sans-serif;\"><strong>\u00a0 \u00d6SD Zertifikat C1<\/strong><\/span><\/h4>\n<\/td>\n<td>\n<h4><span style=\"color: #000000; font-family: verdana, geneva, sans-serif;\"><strong>\u00a0 62.000,- Ft<\/strong><\/span><\/h4>\n<\/td>\n<td>\n<h4><span style=\"color: #000000; font-family: verdana, geneva, sans-serif;\"><strong>\u00a0 58.000,- Ft<\/strong><\/span><\/h4>\n<\/td>\n<\/tr>\n<\/tbody>\n<\/table>\n<h4 style=\"text-align: justify;\"><span style=\"font-family: verdana, geneva, sans-serif; color: #000000;\"><sup>*<\/sup>Az \u00e1rak az int\u00e9zm\u00e9ny di\u00e1kjaira \u00e9s dolgoz\u00f3ira vonatkoznak.<\/span><\/h4>\n<h4 style=\"text-align: justify;\"><span style=\"font-family: verdana, geneva, sans-serif; color: #000000;\"><sup>**<\/sup>Az \u00e1rak az euro \u00e1rfolyam\u00e1nak f\u00fcggv\u00e9ny\u00e9ben v\u00e1ltozhatnak.<\/span><\/h4>\n<h4 style=\"text-align: justify;\"><span style=\"font-family: verdana, geneva, sans-serif; color: #000000;\"><strong>Lemond\u00e1si d\u00edj<\/strong>: A vizsga lemond\u00e1s\u00e1nak d\u00edja minden esetben 6.000.- Ft.<\/span><\/h4>\n<h4 style=\"text-align: justify;\"><span style=\"font-family: verdana, geneva, sans-serif; color: #000000;\">A nyelvvizsga d\u00edja a jelentkez\u00e9ssel egy id\u0151ben, egy \u00f6sszegben fizetend\u0151 banki \u00e1tutal\u00e1ssal.<\/span><\/h4>\n<h4 style=\"text-align: justify;\"><span style=\"font-family: verdana, geneva, sans-serif; color: #000000;\">A jelentkez\u00e9st csak abban az esetben \u00e1ll m\u00f3dunkban elfogadni, ha a vizsgad\u00edj befizet\u00e9se megt\u00f6rt\u00e9nik a <strong><em>Mez\u0151ber\u00e9nyi Pet\u0151fi \u00e9s Goethe Alap\u00edtv\u00e1ny<\/em><\/strong> OTP-Bankn\u00e1l vezetett sz\u00e1ml\u00e1j\u00e1ra. Az alap\u00edtv\u00e1ny sz\u00e1mlasz\u00e1ma: <strong>11733144 \u2013 20009166<\/strong>. A k\u00f6zlem\u00e9ny rovatban k\u00e9rj\u00fck felt\u00fcntetni: <strong><em>\u00d6SD.<\/em><\/strong> A befizet\u00e9sn\u00e9l k\u00e9rj\u00fck, adja meg nev\u00e9t, c\u00edm\u00e9t, \u00e9s ha az nem azonos, a sz\u00e1ml\u00e1z\u00e1si c\u00edmet. A befizet\u00e9st igazol\u00f3 eredeti bizonylatot a vizsg\u00e1n be kell mutatni!<\/span><\/h4>\n<p>&nbsp;<\/p>\n<h4 style=\"text-align: justify;\"><span style=\"text-decoration: underline;\"><span style=\"font-family: verdana, geneva, sans-serif; color: #000000; font-size: 18pt; text-decoration: underline;\"><strong>Vizsgajelentkez\u00e9s<\/strong><\/span><\/span><\/h4>\n<p>&nbsp;<\/p>\n<h4 style=\"text-align: justify;\"><span style=\"font-family: verdana, geneva, sans-serif; color: #000000;\"><strong>A jelentkez\u00e9s felt\u00e9tele<\/strong><\/span><\/h4>\n<h4 style=\"text-align: justify;\"><span style=\"font-family: verdana, geneva, sans-serif; color: #000000;\">A 137\/2008. (V. 16.) Korm\u00e1nyrendelet \u00e9rtelm\u00e9ben Magyarorsz\u00e1gon akkredit\u00e1lt nyelvvizsg\u00e1ra minden, a jelentkez\u00e9s napt\u00e1ri \u00e9v\u00e9ben <strong>14.<\/strong> <strong>\u00e9let\u00e9v\u00e9t bet\u00f6lt\u00f6tt szem\u00e9ly<\/strong> jelentkezhet.<\/span><\/h4>\n<h4 style=\"text-align: justify;\"><span style=\"font-family: verdana, geneva, sans-serif; color: #000000;\"><strong>Jelentkez\u00e9s<\/strong><\/span><\/h4>\n<h4 style=\"text-align: justify;\"><span style=\"font-family: verdana, geneva, sans-serif; color: #000000;\">A vizsg\u00e1kra jelentkezni lehet e-mailben (<span id=\"cloakf35c61da5b9f60bedc34fb095b6c36d5\"><a style=\"color: #000000;\" href=\"mailto:osd.mezobereny@gmail.com\">osd.mezobereny@gmail.com<\/a><\/span>), a <a style=\"color: #000000;\" href=\"https:\/\/www.budapest.oesterreichinstitut.hu\/fileadmin\/content\/budapest\/Anmeldungsformulare\/OESD_jelentkezesi_lap.doc\"><strong>let\u00f6lthet\u0151 jelentkez\u00e9si<\/strong><\/a> <a style=\"color: #000000;\" href=\"https:\/\/www.budapest.oesterreichinstitut.hu\/fileadmin\/content\/budapest\/Anmeldungsformulare\/OESD_jelentkezesi_lap.doc\"><strong>lap<\/strong><\/a> elk\u00fcld\u00e9s\u00e9vel. K\u00e9rj\u00fck, hogy a jelentkez\u00e9si lapot hi\u00e1nytalanul kit\u00f6ltve<strong> a jelentkez\u00e9si id\u0151szak utols\u00f3 napj\u00e1n 10.00 \u00f3r\u00e1ig<\/strong> k\u00fcldje meg a vizsgahelynek. Postai \u00faton \u00e9rkez\u0151 jelentkez\u00e9seket a tov\u00e1bbiakban nem \u00e1ll m\u00f3dunkban fogadni.<\/span><\/h4>\n<h4 style=\"text-align: justify;\"><span style=\"font-family: verdana, geneva, sans-serif; color: #000000;\">A jelentkez\u00e9si hat\u00e1rid\u0151 letelt\u00e9vel nem \u00e1ll m\u00f3dunkban jelentkez\u00e9st elfogadni. Telefonos vizsgajelentkez\u00e9st semmilyen esetben nem fogadhatunk el.<\/span><\/h4>\n<h4 style=\"text-align: justify;\"><span style=\"font-family: verdana, geneva, sans-serif; color: #000000;\">A jelentkez\u00e9si lapon szerepl\u0151 adatoknak a szem\u00e9lyi igazolv\u00e1nnyal pontosan meg kell egyeznie. Ha egy bizony\u00edtv\u00e1ny a helytelen\u00fcl megadott adatok, vagy a vizsg\u00e1n ellen\u0151rz\u00f6tt \u00e9s nem jav\u00edtott adatok alapj\u00e1n hib\u00e1san ker\u00fcl ki\u00e1ll\u00edt\u00e1sra, a bizony\u00edtv\u00e1ny \u00fajranyomtat\u00e1s\u00e1nak k\u00f6lts\u00e9g\u00e9t a vizsg\u00e1z\u00f3 viseli. Az osztr\u00e1k bizony\u00edtv\u00e1ny \u00fajranyomtat\u00e1sa 10 EUR.<\/span><\/h4>\n<h4 style=\"text-align: justify;\"><span style=\"font-family: verdana, geneva, sans-serif; color: #000000;\"><strong>Felh\u00edvjuk figyelm\u00fcket, hogy a vizsgajelentkez\u00e9s akkor \u00e9rv\u00e9nyes, ha munkat\u00e1rsunkt\u00f3l megkapt\u00e1k a visszaigazol\u00f3 e-mailt, mely tartalmazza a jelentkez\u0151 k\u00f3dj\u00e1t, illetve a vizsgabeoszt\u00e1st \u00e9s a vizsga-szab\u00e1lyzatot. <\/strong><\/span><\/h4>\n<p>&nbsp;<\/p>\n<h4 style=\"text-align: justify;\"><span style=\"font-family: verdana, geneva, sans-serif; color: #000000;\"><strong>Let\u00f6lthet\u0151 jelentkez\u00e9si lap<\/strong><\/span><\/h4>\n<h4 style=\"text-align: justify;\"><span style=\"font-family: verdana, geneva, sans-serif; color: #0000ff;\"><a style=\"color: #0000ff;\" href=\"https:\/\/psgsuli.hu\/gimnazium\/wp-content\/uploads\/sites\/3\/2023\/08\/MPSEG_\u00d6SD_jelentkezesi_lap_2023._augusztus.doc\">Jelentkez\u00e9si lap DOC<\/a><\/span><\/h4>\n<h4 style=\"text-align: justify;\"><span style=\"font-family: verdana, geneva, sans-serif; color: #0000ff;\"><a style=\"color: #0000ff;\" href=\"https:\/\/psgsuli.hu\/gimnazium\/wp-content\/uploads\/sites\/3\/2023\/08\/MPSEG_\u00d6SD_jelentkezesi_lap_2023._augusztus.pdf\">Jelentkez\u00e9si lap PDF<\/a><\/span><\/h4>\n<h4><\/h4>\n<p>&nbsp;<\/p>\n<h4 style=\"text-align: justify;\"><span style=\"text-decoration: underline;\"><span style=\"font-family: verdana, geneva, sans-serif; color: #000000; font-size: 18pt; text-decoration: underline;\"><strong>A vizsga menete<\/strong><\/span><\/span><\/h4>\n<h4><\/h4>\n<h4 style=\"text-align: justify;\"><span style=\"font-family: verdana, geneva, sans-serif; color: #000000;\">Az \u00edr\u00e1sbeli \u00e9s a sz\u00f3beli vizsga k\u00e9t k\u00fcl\u00f6n napon zajlik. A vizsga d\u00e1tuma k\u00f6t\u00f6tt, egy\u00e9ni k\u00e9r\u00e9seket nem \u00e1ll m\u00f3dunkban figyelembe venni.<\/span><\/h4>\n<h4 style=\"text-align: justify;\"><span style=\"font-family: verdana, geneva, sans-serif; color: #000000;\"><em><strong>\u00cdr\u00e1sbeli vizsga <\/strong><\/em><\/span><\/h4>\n<h4 style=\"text-align: justify;\"><span style=\"font-family: verdana, geneva, sans-serif; color: #000000;\">Az \u00edr\u00e1sbeli vizsg\u00e1n a vizsga kezdete el\u0151tt legal\u00e1bb 20 perccel meg kell jelenni. A vizsga pontos hely\u00e9t \u00e9s id\u0151pontj\u00e1t a visszaigazol\u00f3 e-mailben kapj\u00e1k meg a vizsg\u00e1z\u00f3k; illetve a fali\u00fajs\u00e1gon, a termek ajtaj\u00e1n is olvashat\u00f3 lesz. A vizsg\u00e1z\u00f3k szem\u00e9lyazonoss\u00e1gukat f\u00e9nyk\u00e9pes igazolv\u00e1nnyal (szem\u00e9lyi igazolv\u00e1nnyal, \u00fatlev\u00e9llel) igazolj\u00e1k. A szem\u00e9lyi igazolv\u00e1nyr\u00f3l egy f\u00e9nym\u00e1solatot is kell hozni, ami beleker\u00fcl a vizsgadolgozatba.\u00a0<\/span><\/h4>\n<h4 style=\"text-align: justify;\"><span style=\"font-family: verdana, geneva, sans-serif; color: #000000;\">Az \u00edr\u00e1sbeli vizsg\u00e1kon az adott vizsg\u00e1n\u00e1l enged\u00e9lyezett sz\u00f3t\u00e1ron (B2: egy- vagy k\u00e9tnyelv\u0171 sz\u00f3t\u00e1r, C1: egynyelv\u0171 sz\u00f3t\u00e1r) k\u00edv\u00fcl semmilyen egy\u00e9b seg\u00e9deszk\u00f6z haszn\u00e1lata nem megengedett. <strong>A vizsg\u00e1z\u00f3k maguk gondoskodnak az \u00edr\u00e1sbeli vizsg\u00e1n sz\u00fcks\u00e9ges sz\u00f3t\u00e1rr\u00f3l. <\/strong><\/span><\/h4>\n<h4 style=\"text-align: justify;\"><span style=\"font-family: verdana, geneva, sans-serif; color: #000000;\">A vizsg\u00e1z\u00f3k a vizsga alatt semmilyen m\u00f3don nem kommunik\u00e1lhatnak egym\u00e1ssal, a mobiltelefonokat, okos\u00f3r\u00e1kat \u00e9s egy\u00e9b elektromos eszk\u00f6z\u00f6ket a vizsga teljes id\u0151tartam\u00e1ra ki kell kapcsolni \u00e9s a t\u00e1sk\u00e1ban kell elhelyezni.<\/span><\/h4>\n<h4 style=\"text-align: justify;\"><span style=\"font-family: verdana, geneva, sans-serif; color: #000000;\">A vizsga el\u0151tt<\/span><\/h4>\n<ul style=\"text-align: justify;\">\n<li>\n<h4><span style=\"font-family: verdana, geneva, sans-serif; color: #000000;\">Hozzon mag\u00e1val tollat, f\u00e9nyk\u00e9pes igazolv\u00e1nyt (szem\u00e9lyigazolv\u00e1nyt vagy \u00fatlevelet) \u00e9s hozza el vizsgabeoszt\u00e1s\u00e1t!<\/span><\/h4>\n<\/li>\n<li>\n<h4><span style=\"font-family: verdana, geneva, sans-serif; color: #000000;\">legal\u00e1bb 20 perccel kor\u00e1bban \u00e9rkezzen meg a helysz\u00ednre.<\/span><\/h4>\n<\/li>\n<li>\n<h4><span style=\"font-family: verdana, geneva, sans-serif; color: #000000;\">A t\u00e1j\u00e9koz\u00f3d\u00e1sban a visszaigazol\u00f3 e-mail \u00e9s a fali\u00fajs\u00e1gon, a termek ajtajain elhelyezett inform\u00e1ci\u00f3k seg\u00edtenek.<\/span><\/h4>\n<\/li>\n<\/ul>\n<h4 style=\"text-align: justify;\"><span style=\"font-family: verdana, geneva, sans-serif; color: #000000;\">A vizsga alatt<\/span><\/h4>\n<ul style=\"text-align: justify;\">\n<li>\n<h4><span style=\"font-family: verdana, geneva, sans-serif; color: #000000;\">Kapcsolja ki a mobiltelefonj\u00e1t \u00e9s egy\u00e9b elektromos eszk\u00f6zeit. Elektromos k\u00e9sz\u00fcl\u00e9kek haszn\u00e1lata a vizsga ideje alatt szigor\u00faan tilos! A vizsg\u00e1z\u00f3, aki telefonj\u00e1t (vagy m\u00e1s k\u00e9sz\u00fcl\u00e9k\u00e9t) a vizsga sor\u00e1n haszn\u00e1lja, kiz\u00e1rhat\u00f3 a vizsg\u00e1z\u00e1sb\u00f3l!<\/span><\/h4>\n<\/li>\n<li>\n<h4><span style=\"font-family: verdana, geneva, sans-serif; color: #000000;\">A teremfel\u00fcgyel\u0151 kibontja a feladatokat \u00e9s a vizsg\u00e1hoz sz\u00fcks\u00e9ges nyomtatv\u00e1nyokat tartalmaz\u00f3 csomagot.<\/span><\/h4>\n<\/li>\n<li>\n<h4><span style=\"font-family: verdana, geneva, sans-serif; color: #000000;\">A teremfel\u00fcgyel\u0151 ellen\u0151rzi a vizsg\u00e1z\u00f3k szem\u00e9lyazonoss\u00e1g\u00e1t, f\u00e9nyk\u00e9pes igazolv\u00e1nyuk alapj\u00e1n. K\u00e9rj\u00fck, sz\u00f3ljon, ha hib\u00e1t \u00e9szlel az adataiban!<\/span><\/h4>\n<\/li>\n<li>\n<h4><span style=\"font-family: verdana, geneva, sans-serif; color: #000000;\">A teremfel\u00fcgyel\u0151 kiosztja a vizsga bor\u00edt\u00f3lapj\u00e1t \u00e9s a feladatlapokat.<\/span><\/h4>\n<\/li>\n<li>\n<h4><span style=\"font-family: verdana, geneva, sans-serif; color: #000000;\">A vizsga sor\u00e1n k\u00f6vesse a teremfel\u00fcgyel\u0151 utas\u00edt\u00e1sait! A teremfel\u00fcgyel\u0151 seg\u00edt a bor\u00edt\u00f3lapon \u00e9s a vizsga-feladatlapokon k\u00e9rt szem\u00e9lyes adatok\/d\u00e1tumok kit\u00f6lt\u00e9s\u00e9ben.<\/span><\/h4>\n<\/li>\n<li>\n<h4><span style=\"font-family: verdana, geneva, sans-serif; color: #000000;\">Amennyiben k\u00e9rd\u00e9se van, tegye fel a teremfel\u00fcgyel\u0151nek!<\/span><\/h4>\n<\/li>\n<li>\n<h4><span style=\"font-family: verdana, geneva, sans-serif; color: #000000;\">A teremfel\u00fcgyel\u0151 t\u00e1j\u00e9koztatni fogja az egyes vizsgar\u00e9szek hossz\u00e1r\u00f3l \u00e9s fel\u00edrja a t\u00e1bl\u00e1ra, hogy meddig dolgozhat.<\/span><\/h4>\n<\/li>\n<li>\n<h4><span style=\"font-family: verdana, geneva, sans-serif; color: #000000;\">A vizsg\u00e1z\u00f3knak lehet\u0151s\u00e9g\u00fck van mosd\u00f3ba menni a vizsga ideje alatt. A mosd\u00f3ban egyszerre egy vizsg\u00e1z\u00f3 tart\u00f3zkodhat. Amennyiben kimegy a mosd\u00f3ba, nem kaphat plusz id\u0151t a feladatok megold\u00e1s\u00e1ra.<\/span><\/h4>\n<\/li>\n<li>\n<h4><span style=\"font-family: verdana, geneva, sans-serif; color: #000000;\">A vizsga ut\u00e1n a teremfel\u00fcgyel\u0151 \u00f6sszegy\u0171jti a feladatlapokat.<\/span><\/h4>\n<\/li>\n<li>\n<h4><span style=\"font-family: verdana, geneva, sans-serif; color: #000000;\">Miel\u0151tt kimegy a vizsgateremb\u0151l, ellen\u0151rizze, hogy nem felejtett-e bent semmit (pl. sz\u00f3t\u00e1rat\u2026)!<\/span><\/h4>\n<\/li>\n<\/ul>\n<h4 style=\"text-align: justify;\"><\/h4>\n<h4 style=\"text-align: justify;\"><span style=\"font-family: verdana, geneva, sans-serif; color: #000000;\"><strong><em>Sz\u00f3beli vizsga<\/em><\/strong><\/span><\/h4>\n<h4 style=\"text-align: justify;\"><span style=\"font-family: verdana, geneva, sans-serif; color: #000000;\">A sz\u00f3beli vizsg\u00e1n a vizsga kezdete el\u0151tt legal\u00e1bb 10 perccel meg kell jelenni. A vizsg\u00e1z\u00f3kat n\u00e9v szerint sz\u00f3l\u00edtjuk adatellen\u0151rz\u00e9s c\u00e9lj\u00e1b\u00f3l. A vizsg\u00e1z\u00f3knak szem\u00e9lyazonoss\u00e1gukat f\u00e9nyk\u00e9pes igazolv\u00e1nnyal (szem\u00e9lyi igazolv\u00e1nnyal, \u00fatlev\u00e9llel) kell igazolni. A felk\u00e9sz\u00fcl\u00e9si id\u0151 alatt (B2 15-15 perc, C1: 20-20 perc) az adott vizsg\u00e1n\u00e1l enged\u00e9lyezett sz\u00f3t\u00e1ron k\u00edv\u00fcl (B2: egy- vagy k\u00e9tnyelv\u0171 sz\u00f3t\u00e1r, C1: egynyelv\u0171 sz\u00f3t\u00e1r) semmilyen egy\u00e9b seg\u00e9deszk\u00f6z haszn\u00e1lata nem megengedett. <strong>A felk\u00e9sz\u00fcl\u00e9shez csak a vizsgahely \u00e1ltal biztos\u00edtott sz\u00f3t\u00e1rakat lehet haszn\u00e1lni. <\/strong><\/span><\/h4>\n<h4 style=\"text-align: justify;\"><span style=\"font-family: verdana, geneva, sans-serif; color: #000000;\">A sz\u00f3beli vizsg\u00e1ra nincs el\u0151re \u00f6ssze\u00e1ll\u00edtott t\u00e9telsor.<\/span><\/h4>\n<h4 style=\"text-align: justify;\"><span style=\"font-family: verdana, geneva, sans-serif; color: #000000;\">A vizsg\u00e1z\u00f3k a felk\u00e9sz\u00fcl\u00e9s alatt semmilyen m\u00f3don nem kommunik\u00e1lhatnak egym\u00e1ssal, a mobiltelefonokat \u00e9s egy\u00e9b elektromos eszk\u00f6z\u00f6ket a felk\u00e9sz\u00fcl\u00e9s \u00e9s a vizsga teljes id\u0151tartam\u00e1ra ki kell kapcsolni \u00e9s a t\u00e1sk\u00e1ba kell rakni.<\/span><\/h4>\n<h4 style=\"text-align: justify;\"><span style=\"font-family: verdana, geneva, sans-serif; color: #000000;\">Ha a vizsg\u00e1z\u00f3 befejezte a vizsg\u00e1t, a m\u00e9g le nem vizsg\u00e1zott vizsg\u00e1z\u00f3kkal semmilyen m\u00f3don nem kommunik\u00e1lhat.<\/span><\/h4>\n<h4 style=\"text-align: justify;\"><span style=\"font-family: verdana, geneva, sans-serif; color: #000000;\">A vizsga el\u0151tt<\/span><\/h4>\n<h4 style=\"text-align: justify;\"><span style=\"font-family: verdana, geneva, sans-serif; color: #000000;\">Hozzon mag\u00e1val tollat, f\u00e9nyk\u00e9pes igazolv\u00e1nyt (szem\u00e9lyigazolv\u00e1nyt vagy \u00fatlevelet) \u00e9s hozza el vizsgabeoszt\u00e1s\u00e1t.<\/span><\/h4>\n<h4 style=\"text-align: justify;\"><span style=\"font-family: verdana, geneva, sans-serif; color: #000000;\">Kb. 10 perccel kor\u00e1bban \u00e9rkezzen meg a helysz\u00ednre.<\/span><\/h4>\n<ul style=\"text-align: justify;\">\n<li>\n<h4><span style=\"font-family: verdana, geneva, sans-serif; color: #000000;\">A t\u00e1j\u00e9koz\u00f3d\u00e1sban a visszaigazol\u00f3 e-mail \u00e9s a fali\u00fajs\u00e1gon, a termek ajtajain elhelyezett inform\u00e1ci\u00f3k seg\u00edtenek.<\/span><\/h4>\n<\/li>\n<li>\n<h4><span style=\"font-family: verdana, geneva, sans-serif; color: #000000;\">K\u00e9rj\u00fck, hogy ameddig nem ker\u00fcl sorra (am\u00edg nem sz\u00f3l\u00edtjuk), csendben v\u00e1rakozzon a folyos\u00f3n.<\/span><\/h4>\n<\/li>\n<li>\n<h4><span style=\"font-family: verdana, geneva, sans-serif; color: #000000;\">A vizsga el\u0151tt adatellen\u0151rz\u00e9sre fogjuk sz\u00f3l\u00edtani, hogy \u00f6sszevethess\u00fck a szem\u00e9lyi igazolv\u00e1nya adatait a jelentkez\u00e9skor beny\u00fajtott adatokkal. K\u00e9rj\u00fck, sz\u00f3ljon, ha hib\u00e1t \u00e9szlel az adataiban!<\/span><\/h4>\n<\/li>\n<li>\n<h4><span style=\"font-family: verdana, geneva, sans-serif; color: #000000;\">A vizsga idej\u00e9re kapcsolja ki telefonj\u00e1t \u00e9s egy\u00e9b elektromos eszk\u00f6zeit. Ezeket sem a felk\u00e9sz\u00fcl\u00e9si id\u0151, sem a vizsga ideje alatt nem haszn\u00e1lhatja. Szem\u00e9lyes holmij\u00e1t, telefonj\u00e1t hagyja a kijel\u00f6lt helyen.<\/span><\/h4>\n<\/li>\n<\/ul>\n<h4 style=\"text-align: justify;\"><span style=\"font-family: verdana, geneva, sans-serif; color: #000000;\">A vizsga alatt<\/span><\/h4>\n<ul style=\"text-align: justify;\">\n<li>\n<h4><span style=\"font-family: verdana, geneva, sans-serif; color: #000000;\">A felk\u00e9sz\u00fcl\u00e9si id\u0151ben lehet\u0151s\u00e9ge van a vizsgafeladatok kidolgoz\u00e1s\u00e1ra. Ehhez feladatlapot \u00e9s jegyzetlapot, valamint sz\u00f3t\u00e1rat kap. A felk\u00e9sz\u00fcl\u00e9s z\u00e1rt, k\u00fcl\u00f6n teremben t\u00f6rt\u00e9nik. Innen a vizsg\u00e1ztat\u00f3k fogj\u00e1k \u00d6nt a vizsg\u00e1ra sz\u00f3l\u00edtani. (A felk\u00e9sz\u00fcl\u00e9s a B2 vizsg\u00e1ra 10-15 percig, a C1 vizsg\u00e1ra 15-20 percig tart. B2 vizsg\u00e1n k\u00e9tnyelv\u0171, C1 vizsg\u00e1n egynyelv\u0171 sz\u00f3t\u00e1rat haszn\u00e1lhat.)<\/span><\/h4>\n<\/li>\n<li>\n<h4><span style=\"font-family: verdana, geneva, sans-serif; color: #000000;\">A vizsga maga kb. 15-20 percig tart. A vizsga ut\u00e1n a vizsg\u00e1z\u00f3nak nincs tov\u00e1bbi teend\u0151je.<\/span><\/h4>\n<\/li>\n<\/ul>\n<h4 style=\"text-align: justify;\"><span style=\"font-family: verdana, geneva, sans-serif; color: #000000;\"><strong>Vizsgacsal\u00e1s<\/strong><\/span><\/h4>\n<h4 style=\"text-align: justify;\"><span style=\"font-family: verdana, geneva, sans-serif; color: #000000;\">Azokat a vizsg\u00e1z\u00f3kat, akik a vizsga sor\u00e1n nem megengedett eszk\u00f6z\u00f6ket haszn\u00e1lnak, a t\u00f6bbi vizsg\u00e1z\u00f3t a vizsg\u00e1z\u00e1sban zavarj\u00e1k vagy h\u00e1tr\u00e1ltatj\u00e1k, vagy m\u00e1sok helyett vizsg\u00e1znak, a teremfel\u00fcgyel\u0151 vagy vizsg\u00e1ztat\u00f3 azonnal <strong>kiz\u00e1rja a vizsg\u00e1r\u00f3l<\/strong>. Amennyiben csak a vizsga ut\u00e1n der\u00fcl ki, hogy kiz\u00e1r\u00e1sra okot ad\u00f3 t\u00e9nyek \u00e1llnak fenn, a Vizsgahely, miut\u00e1n meghallgatta a Vizsg\u00e1z\u00f3 \u00e9rveit, indokolt esetben jogosult a vizsg\u00e1t nem megfeleltnek min\u0151s\u00edteni. Nem megengedett eszk\u00f6znek min\u0151s\u00fcl a mobiltelefon \u00e9s egy\u00e9b elektromos eszk\u00f6z, vagy az \u00edr\u00e1sbeli vizsg\u00e1n haszn\u00e1lt sz\u00f3t\u00e1rban l\u00e9v\u0151 jegyzet, vagy seg\u00e9dlap haszn\u00e1lata is.<\/span><\/h4>\n<h4 style=\"text-align: justify;\"><span style=\"font-family: verdana, geneva, sans-serif; color: #000000;\">A vizsgacsal\u00e1sokr\u00f3l jegyz\u0151k\u00f6nyv k\u00e9sz\u00fcl, a neveket az Osztr\u00e1k Int\u00e9zet k\u00f6zli az Oktat\u00e1si Hivatal Nyelvvizsg\u00e1ztat\u00e1si Akkredit\u00e1ci\u00f3s K\u00f6zpontj\u00e1val.<\/span><\/h4>\n<h4 style=\"text-align: justify;\"><\/h4>\n<h4 style=\"text-align: justify;\"><span style=\"text-decoration: underline;\"><span style=\"font-family: verdana, geneva, sans-serif; color: #000000; font-size: 18pt; text-decoration: underline;\"><strong>Vizsgaeredm\u00e9nyek<\/strong><\/span><\/span><\/h4>\n<h4><\/h4>\n<h4 style=\"text-align: justify;\"><span style=\"font-family: verdana, geneva, sans-serif; color: #000000;\">A vizsg\u00e1n el\u00e9rt pontokat <strong>az Osztr\u00e1k Int\u00e9zet honlapj\u00e1n<\/strong> lehet megn\u00e9zni a vizsgaid\u0151szak utols\u00f3 napj\u00e1t k\u00f6vet\u0151 napon a jelentkez\u00e9skor <strong>kapott k\u00f3d seg\u00edts\u00e9g\u00e9vel<\/strong>. Hogy a vizsga sikeres volt-e, az al\u00e1bbi t\u00e1bl\u00e1zat seg\u00edts\u00e9g\u00e9vel \u00e1llap\u00edthatja meg. Azonos\u00edt\u00f3ja megad\u00e1s\u00e1val megtekintheti \u00e9s kinyomtathatja vizsgaeredm\u00e9ny\u00e9t.<\/span><\/h4>\n<h4 style=\"text-align: justify;\"><span style=\"font-family: verdana, geneva, sans-serif; color: #000000;\"><strong>K\u00e9rj\u00fck, a vizsgahelyet id\u0151 el\u0151tt ne keress\u00e9k ezzel kapcsolatosan!<\/strong><\/span><\/h4>\n<h4><span style=\"font-family: verdana, geneva, sans-serif; color: #000000;\">Pontjai megtekint\u00e9s\u00e9hez kattintson<span style=\"color: #0000ff;\">\u00a0<a style=\"color: #0000ff;\" href=\"http:\/\/oi.netfocus.hu\/\" target=\"_blank\" rel=\"nofollow noopener noreferrer\">ide<\/a><\/span>. Azonos\u00edt\u00f3ja megad\u00e1s\u00e1val megtekintheti \u00e9s kinyomtathatja vizsgaeredm\u00e9ny\u00e9t.<\/span><\/h4>\n<ul style=\"text-align: justify;\">\n<li>\n<h4><span style=\"font-family: verdana, geneva, sans-serif; color: #000000;\">A pontjait tartalmaz\u00f3 t\u00e1bl\u00e1zat nem tartalmazza, hogy a vizsga sikere volt-e.<\/span><\/h4>\n<\/li>\n<li>\n<h4><span style=\"font-family: verdana, geneva, sans-serif; color: #000000;\">A sikeres vizsg\u00e1hoz sz\u00fcks\u00e9ges minim\u00e1lis pontsz\u00e1mokat az al\u00e1bb tal\u00e1lhat\u00f3 t\u00e1bl\u00e1zat mutatja.<\/span><\/h4>\n<\/li>\n<li>\n<h4><span style=\"font-family: verdana, geneva, sans-serif; color: #000000;\">Tekintse meg k\u00f3dja seg\u00edts\u00e9g\u00e9vel a pontjait, majd vesse \u00f6ssze \u0151ket a t\u00e1bl\u00e1zattal.<\/span><\/h4>\n<\/li>\n<li>\n<h4><span style=\"font-family: verdana, geneva, sans-serif; color: #000000;\">Vegye figyelembe, hogy a sikeres vizsg\u00e1hoz mind az egyes k\u00e9szs\u00e9gekn\u00e9l, mind az \u00edr\u00e1sbeli vizsg\u00e1n\u00e1l \u00f6sszesen, mind sz\u00f3beli vizsg\u00e1n\u00e1l el kell \u00e9rni a minim\u00e1lis pontsz\u00e1mot.<\/span><\/h4>\n<\/li>\n<li>\n<h4><span style=\"font-family: verdana, geneva, sans-serif; color: #000000;\">Ha az \u00edr\u00e1sbeli vizsg\u00e1n \u00f6sszess\u00e9g\u00e9ben el\u00e9rte ugyan a ponthat\u00e1rt, de valamelyik r\u00e9szk\u00e9szs\u00e9gn\u00e9l (olvasott sz\u00f6veg \u00e9rt\u00e9se, hallott sz\u00f6veg \u00e9rt\u00e9se, \u00edr\u00e1sk\u00e9szs\u00e9g) nem, a vizsga nem sikeres.<\/span><\/h4>\n<\/li>\n<li>\n<h4><span style=\"font-family: verdana, geneva, sans-serif; color: #000000;\">Ha minden r\u00e9szk\u00e9szs\u00e9gn\u00e9l minim\u00e1lis pontsz\u00e1mot kapott, az kevesebb, mint a teljes \u00edr\u00e1sbeli vizsg\u00e1ra vonatkoz\u00f3 ponthat\u00e1r, teh\u00e1t a vizsga nem sikeres.<\/span><\/h4>\n<\/li>\n<\/ul>\n<table style=\"width: 507px;\" border=\"1\">\n<caption>\u00a0<\/caption>\n<tbody>\n<tr>\n<td style=\"width: 294px;\">\n<h4><span style=\"font-family: verdana, geneva, sans-serif; color: #000000;\"><strong>K\u00e9szs\u00e9gek<\/strong><\/span><\/h4>\n<\/td>\n<td style=\"width: 197px;\">\n<h4><\/h4>\n<\/td>\n<\/tr>\n<tr>\n<td style=\"width: 294px;\">\n<h4><span style=\"font-family: verdana, geneva, sans-serif; color: #000000;\">Lesen \u00a0\u00a0\u00a0\u00a0\u00a0\u00a0\u00a0\u00a0\u00a0\u00a0(olvas\u00e1s\u00e9rt\u00e9s)<\/span><\/h4>\n<\/td>\n<td style=\"width: 197px;\">\n<h4><span style=\"font-family: verdana, geneva, sans-serif; color: #000000;\">10 pont \/ 50 %<\/span><\/h4>\n<\/td>\n<\/tr>\n<tr>\n<td style=\"width: 294px;\">\n<h4><span style=\"font-family: verdana, geneva, sans-serif; color: #000000;\">H\u00f6ren\u00a0\u00a0\u00a0\u00a0\u00a0\u00a0\u00a0\u00a0\u00a0 (hall\u00e1s ut\u00e1ni \u00e9rt\u00e9s)<\/span><\/h4>\n<\/td>\n<td style=\"width: 197px;\">\n<h4><span style=\"font-family: verdana, geneva, sans-serif; color: #000000;\">10 pont \/ 50 %<\/span><\/h4>\n<\/td>\n<\/tr>\n<tr>\n<td style=\"width: 294px;\">\n<h4><span style=\"font-family: verdana, geneva, sans-serif; color: #000000;\">Schreiben\u00a0\u00a0\u00a0 (Aufgabe 1+2)\u00a0\u00a0\u00a0\u00a0\u00a0\u00a0 (\u00cdr\u00e1s)<\/span><\/h4>\n<\/td>\n<td style=\"width: 197px;\">\n<h4><span style=\"font-family: verdana, geneva, sans-serif; color: #000000;\">15 pont \u00a0\/ \u00a050 %<\/span><\/h4>\n<\/td>\n<\/tr>\n<tr>\n<td style=\"width: 294px;\">\n<h4><span style=\"font-family: verdana, geneva, sans-serif; color: #000000;\">gesamte schriftliche Pr\u00fcfung \u00a0\u00a0\u00a0\u00a0(\u00cdr\u00e1sbeli \u00f6sszesen)<\/span><\/h4>\n<\/td>\n<td style=\"width: 197px;\">\n<h4><span style=\"font-family: verdana, geneva, sans-serif; color: #000000;\">42 pont \/ 60%<\/span><\/h4>\n<\/td>\n<\/tr>\n<tr>\n<td style=\"width: 294px;\">\n<h4><span style=\"font-family: verdana, geneva, sans-serif; color: #000000;\">Sprechen \u00a0\u00a0\u00a0\u00a0\u00a0\u00a0(sz\u00f3beli vizsga)<\/span><\/h4>\n<\/td>\n<td style=\"width: 197px;\">\n<h4><span style=\"font-family: verdana, geneva, sans-serif; color: #000000;\">18 pont \/\u00a0 60%<\/span><\/h4>\n<\/td>\n<\/tr>\n<\/tbody>\n<\/table>\n<h4 style=\"text-align: justify;\"><span style=\"font-family: verdana, geneva, sans-serif; color: #000000;\"><strong>A vizsgadolgozatok megtekint\u00e9se<\/strong><\/span><\/h4>\n<h4 style=\"text-align: justify;\"><span style=\"font-family: verdana, geneva, sans-serif; color: #000000;\">A vizsgadolgozatok az utols\u00f3 vizsganapt\u00f3l sz\u00e1m\u00edtva n\u00e9gy h\u00e9tig \u2013 <strong>el\u0151re<\/strong> <strong>egyeztetett<\/strong> <strong>id\u0151pontban<\/strong> \u2013 tekinthet\u0151ik meg a budapesti tanfolyami irod\u00e1ban, fel\u00fcgyelet mellett. A dolgozatok megtekint\u00e9se nem j\u00e1r k\u00f6lts\u00e9ggel. Szem\u00e9lyes megtekint\u00e9sen t\u00fal tan\u00e1r \u00e9s \/ vagy sz\u00fcl\u0151 is megn\u00e9zheti a dolgozatot. A vizsg\u00e1z\u00f3 a saj\u00e1t maga \u00e1ltal \u00edrt sz\u00f6vegekb\u0151l k\u00e9zzel jegyzeteket k\u00e9sz\u00edthet, melyre maximum 45 perc \u00e1ll rendelkez\u00e9sre. Az \u00d6SD vizsgafeladatok azonban minden esetben titkosak, nem adhat\u00f3k ki harmadik f\u00e9l r\u00e9sz\u00e9re.<\/span><\/h4>\n<h4 style=\"text-align: justify;\"><span style=\"font-family: verdana, geneva, sans-serif; color: #000000;\"><strong>Fellebbez\u00e9s<\/strong><\/span><\/h4>\n<h4 style=\"text-align: justify;\"><span style=\"font-family: verdana, geneva, sans-serif; color: #000000;\">Amennyiben a vizsg\u00e1z\u00f3 nem \u00e9rt egyet vizsgadolgozata \u00e9rt\u00e9kel\u00e9s\u00e9vel, fellebbez\u00e9st ny\u00fajthat be a vizsga \u00e9rt\u00e9kel\u00e9s\u00e9re, jogszab\u00e1lys\u00e9rt\u00e9sre vagy sz\u00e1mol\u00e1si hib\u00e1ra hivatkozva. A fel\u00fclvizsg\u00e1lati k\u00e9relem beny\u00fajt\u00e1s\u00e1nak nem felt\u00e9tele a dolgozat megtekint\u00e9se. A fel\u00fclvizsg\u00e1lati k\u00e9relmet a vizsgaeredm\u00e9nyek k\u00f6zz\u00e9t\u00e9tel\u00e9t\u0151l <strong>15 napon bel\u00fcl<\/strong> \u00edr\u00e1sban ny\u00fajthatja be vizsg\u00e1z\u00f3 k\u00f6zvetlen\u00fcl a Vizsgahelynek. A<\/span><\/h4>\n<h4 style=\"text-align: justify;\"><span style=\"font-family: verdana, geneva, sans-serif; color: #000000;\">Vizsgak\u00f6zpont a fel\u00fclvizsg\u00e1lati anyag birtok\u00e1ban kialak\u00edtja saj\u00e1t \u00e1ll\u00e1sfoglal\u00e1s\u00e1t \u00e9s 15 napon bel\u00fcl d\u00f6nt\u00e9st hoz.<\/span><\/h4>\n<h4 style=\"text-align: justify;\"><span style=\"font-family: verdana, geneva, sans-serif; color: #000000;\">Amennyiben a vizsg\u00e1z\u00f3 a fel\u00fclvizsg\u00e1lat eredm\u00e9ny\u00e9vel nem \u00e9rt egyet, a d\u00f6nt\u00e9s k\u00f6zl\u00e9s\u00e9t\u0151l sz\u00e1m\u00edtott 15 munkanapon bel\u00fcl az Oktat\u00e1si Hivatalhoz c\u00edmzett, de a Vizsgak\u00f6zponthoz beny\u00fajtand\u00f3 panasszal \u00e9lhet jogszab\u00e1lys\u00e9rt\u00e9sre vagy az eredm\u00e9nysz\u00e1m\u00edt\u00e1sban mutatkoz\u00f3 sz\u00e1mszaki hib\u00e1ra t\u00f6rt\u00e9n\u0151 hivatkoz\u00e1ssal. A m\u00e1sodfok\u00fa fellebbez\u00e9s a 2004. \u00e9vi CXL. T\u00f6rv\u00e9ny \u00e9rtelm\u00e9ben illet\u00e9kk\u00f6teles. Az illet\u00e9k \u00f6sszege 5000,- Ft, amelyet a Magyar \u00c1llamkincst\u00e1r 10032000-01012107-00000000 sz\u00e1m\u00fa sz\u00e1ml\u00e1j\u00e1ra kell befizetni &#8222;nyelvvizsga fellebbez\u00e9s&#8221; megjegyz\u00e9ssel.<\/span><\/h4>\n<h4 style=\"text-align: justify;\"><span style=\"font-family: verdana, geneva, sans-serif; color: #000000;\"><strong>Vizsgalemond\u00e1s, vizsgahalaszt\u00e1s<\/strong><\/span><\/h4>\n<ul style=\"text-align: justify;\">\n<li>\n<h4><span style=\"font-family: verdana, geneva, sans-serif; color: #000000;\">A vizsga halaszt\u00e1s\u00e1nak vagy lemond\u00e1s\u00e1nak d\u00edja 6.000.- Ft a jelentkez\u00e9si hat\u00e1rid\u0151n bel\u00fcl.<\/span><\/h4>\n<\/li>\n<li>\n<h4><span style=\"font-family: verdana, geneva, sans-serif; color: #000000;\">Vizsg\u00e1t halasztani a halaszt\u00e1si d\u00edj befizet\u00e9se ut\u00e1n a k\u00f6vetkez\u0151 vizsgaid\u0151szakra lehet.<\/span><\/h4>\n<\/li>\n<li>\n<h4><span style=\"font-family: verdana, geneva, sans-serif; color: #000000;\">Ha a vizsg\u00e1z\u00f3 a jelentkez\u00e9si hat\u00e1rid\u0151 lej\u00e1rta ut\u00e1n, legk\u00e9s\u0151bb a vizsga el\u0151tti napon mondja le a vizsg\u00e1t, a befizetett vizsgad\u00edj 50%-\u00e1t utaljuk vissza.<\/span><\/h4>\n<\/li>\n<li>\n<h4><span style=\"font-family: verdana, geneva, sans-serif; color: #000000;\">Ha vizsg\u00e1z\u00f3 a vizsg\u00e1t nem mondja le \u00e9s nem jelenik meg a vizsg\u00e1n, a vizsgad\u00edjat nem \u00e1ll m\u00f3dunkban visszafizetni.<\/span><\/h4>\n<\/li>\n<\/ul>\n<h4 style=\"text-align: justify;\"><\/h4>\n<h4 style=\"text-align: justify;\"><span style=\"font-family: verdana, geneva, sans-serif; color: #000000;\"><strong>Fogyat\u00e9kkal \u00e9l\u0151k nyelvvizsg\u00e1i<\/strong><\/span><\/h4>\n<h4 style=\"text-align: justify;\"><span style=\"font-family: verdana, geneva, sans-serif; color: #000000;\">Az \u00d6SD nyelvvizsg\u00e1kon a fogyat\u00e9kkal \u00e9l\u0151 vizsg\u00e1z\u00f3knak is teljes\u00edteni kell a vizsga minden r\u00e9szfeladat\u00e1t, de igyeksz\u00fcnk a nyelvvizsga lebonyol\u00edt\u00e1s\u00e1t a vizsg\u00e1z\u00f3 h\u00e1tr\u00e1nyos helyzet\u00e9hez igaz\u00edtani. Hogy ig\u00e9nyeit figyelembe vehess\u00fck, a jelentkez\u00e9skor a fogyat\u00e9kot igazol\u00f3, <strong>egy \u00e9vn\u00e9l nem r\u00e9gebbi<\/strong> <strong>szakorvosi igazol\u00e1s<\/strong>t le kell adni. Igyeksz\u00fcnk szem\u00e9lyre szabott t\u00e1mogat\u00e1st ny\u00fajtani.<\/span><\/h4>\n<h4 style=\"text-align: justify;\"><span style=\"font-family: verdana, geneva, sans-serif; color: #000000;\">Hall\u00e1ss\u00e9r\u00fclt vizsg\u00e1z\u00f3k eset\u00e9n a hallott sz\u00f6veg\u00e9rt\u00e9s feladatn\u00e1l a sz\u00f6veget felolvass\u00e1k, hogy a sz\u00f6veget sz\u00e1jr\u00f3l is tudj\u00e1k olvasni.<\/span><\/h4>\n<h4 style=\"text-align: justify;\"><span style=\"font-family: verdana, geneva, sans-serif; color: #000000;\">Diszlexi\u00e1s vizsg\u00e1z\u00f3k eset\u00e9ben a helyes\u00edr\u00e1si hib\u00e1kat nem \u00e9rt\u00e9kelj\u00fck. Amennyiben a szakorvosi v\u00e9lem\u00e9ny indokolja, hosszabb id\u0151 \u00e1ll a vizsg\u00e1z\u00f3 rendelkez\u00e9sre. A gimn\u00e1zium \u00e9s a koll\u00e9gium \u00e9p\u00fclete is akad\u00e1lymentes\u00edtett. Mozg\u00e1ss\u00e9r\u00fclt vizsg\u00e1z\u00f3k eset\u00e9ben int\u00e9zm\u00e9ny\u00fcnk sz\u00e1m\u00edt\u00f3g\u00e9pet tud biztos\u00edtani. Tov\u00e1bbi k\u00e9rd\u00e9seivel forduljon a Vizsgahelyhez<a style=\"color: #000000;\" href=\"https:\/\/www.budapest.oesterreichinstitut.hu\/elerhetosegek\/\">.<\/a><\/span><\/h4>\n<h4 style=\"text-align: justify;\"><\/h4>\n<h4 style=\"text-align: justify;\"><span style=\"font-family: verdana, geneva, sans-serif; color: #000000;\"><strong>A bizony\u00edtv\u00e1ny \u00e1tv\u00e9tele<\/strong><\/span><\/h4>\n<h4 style=\"text-align: justify;\"><span style=\"font-family: verdana, geneva, sans-serif; color: #000000;\">A vizsg\u00e1z\u00f3k a bizony\u00edtv\u00e1nyokat (az \u00d6SD bizony\u00edtv\u00e1nyt \u00e9s az \u00e1llamilag elismert nyelvvizsga-bizony\u00edtv\u00e1nyt) post\u00e1n kapj\u00e1k meg, vagy szem\u00e9lyesen is \u00e1tvehetik el\u0151zetes egyeztet\u00e9s ut\u00e1n. A bizony\u00edtv\u00e1nyok \u00e1tv\u00e9tel\u00e9r\u0151l \u00e9rdemes el\u0151zetesen telefonon \u00e9rdekl\u0151dni. A bizony\u00edtv\u00e1nyok \u00e1tv\u00e9tel\u00e9re vonatkoz\u00f3 d\u00e1tumok t\u00e1j\u00e9koztat\u00f3 jelleg\u0171ek.<\/span><\/h4>\n<h4 style=\"text-align: justify;\"><span style=\"font-family: verdana, geneva, sans-serif; color: #000000;\">Amennyiben a vizsg\u00e1z\u00f3 nem tudja szem\u00e9lyesen \u00e1tvenni a bizony\u00edtv\u00e1nyt, azt meghatalmazottja \u2013 meghatalmaz\u00e1s felmutat\u00e1s\u00e1val \u2013 teheti meg.<\/span><\/h4>\n<h4 style=\"text-align: justify;\"><span style=\"font-family: verdana, geneva, sans-serif; color: #000000;\">Ha egy bizony\u00edtv\u00e1ny a helytelen\u00fcl megadott adatok, vagy a vizsg\u00e1n ellen\u0151rz\u00f6tt \u00e9s nem jav\u00edtott adatok alapj\u00e1n hib\u00e1san ker\u00fcl ki\u00e1ll\u00edt\u00e1sra, a bizony\u00edtv\u00e1ny \u00fajranyomtat\u00e1s\u00e1nak k\u00f6lts\u00e9g\u00e9t a vizsg\u00e1z\u00f3 viseli. Az osztr\u00e1k bizony\u00edtv\u00e1ny \u00fajranyomtat\u00e1sa 10 \u20ac.<\/span><\/h4>\n<h4 style=\"text-align: justify;\"><span style=\"font-family: verdana, geneva, sans-serif; color: #000000;\">Ha a vizsg\u00e1z\u00f3 elvesz\u00edtette a magyar nyelv\u0171 bizony\u00edtv\u00e1ny\u00e1t, ugyanarr\u00f3l a vizsg\u00e1r\u00f3l m\u00e9g egyszer nem kaphat bizony\u00edtv\u00e1nyt, csak \u00fan. hat\u00f3s\u00e1gi igazolv\u00e1nyt. A hat\u00f3s\u00e1gi igazolv\u00e1ny az elveszett bizony\u00edtv\u00e1nyr\u00f3l \u00e9s az abban szerepl\u0151 adatokr\u00f3l sz\u00f3l\u00f3 igazol\u00e1s, melyet az OH Nyelvvizsg\u00e1ztat\u00e1si Akkredit\u00e1ci\u00f3s K\u00f6zpontn\u00e1l lehet k\u00e9rni. Ebben szerepel az eredeti bizony\u00edtv\u00e1ny sz\u00e1ma \u00e9s az anyak\u00f6nyvi sz\u00e1m is.<\/span><\/h4>\n<h4 style=\"text-align: justify;\"><\/h4>\n<h4 style=\"text-align: justify;\"><span style=\"text-decoration: underline;\"><span style=\"font-family: verdana, geneva, sans-serif; color: #000000; font-size: 18pt; text-decoration: underline;\"><strong>Jogszab\u00e1lyok \u00e9s el\u00e9rhet\u0151s\u00e9g<\/strong><\/span><\/span><\/h4>\n<p>&nbsp;<\/p>\n<h4><span style=\"font-family: verdana, geneva, sans-serif; color: #000000;\">A nyelvvizsg\u00e1kat \u00e9rint\u0151 jogszab\u00e1lyokkal \u00e9s a jogszab\u00e1lyi m\u00f3dos\u00edt\u00e1sokkal kapcsolatban az Oktat\u00e1si Hivatal Nyelvvizsg\u00e1ztat\u00e1si Akkredit\u00e1ci\u00f3s K\u00f6zpontj\u00e1nak honlapj\u00e1n t\u00e1j\u00e9koz\u00f3dhat:\u00a0<\/span><a href=\"https:\/\/nyak.oh.gov.hu\/doc\/jogszab\/default.asp\"><span style=\"font-family: verdana, geneva, sans-serif; color: #000000;\"><span style=\"color: #0000ff;\">https:\/\/nyak.oh.gov.hu\/doc\/jogszab\/default.asp<\/span><\/span><\/a><\/h4>\n<h4 style=\"text-align: justify;\"><span style=\"font-family: verdana, geneva, sans-serif; color: #000000;\">\u00a0<\/span><\/h4>\n<h4 style=\"text-align: justify;\"><span style=\"font-family: verdana, geneva, sans-serif; color: #000000;\"><strong>El\u00e9rhet\u0151s\u00e9g<\/strong><\/span><\/h4>\n<h4 style=\"text-align: justify;\"><span style=\"font-family: verdana, geneva, sans-serif; color: #000000;\">E-Mail c\u00edm: <span id=\"cloakdacc863968835de21521ac9e23b00759\"><a style=\"color: #000000;\" href=\"mailto:osd.mezobereny@gmail.com\">osd.mezobereny@gmail.com<\/a><\/span><\/span><\/h4>\n<h4 style=\"text-align: justify;\"><span style=\"font-family: verdana, geneva, sans-serif; color: #000000;\">Telefon: 66\/515-578 (Sz\u00e9kely M\u00e1ria, Ol\u00e1h Barbara)<\/span><\/h4>\n<h4 style=\"text-align: justify;\"><span style=\"font-family: verdana, geneva, sans-serif; color: #000000;\">Friss\u00edtve: 2023. december 21.<\/span><\/h4>\n<h4><\/h4>\n<p><span style=\"color: #000000;\">\u00a0<\/span><\/p>\n","protected":false},"excerpt":{"rendered":"<p>Jelen vizsgaszab\u00e1lyzat a Mez\u0151ber\u00e9nyi Pet\u0151fi S\u00e1ndor Evang\u00e9likus \u00c1ltal\u00e1nos Iskola, Gimn\u00e1zium \u00e9s Koll\u00e9gium Pet\u0151fi \u00e9s Goethe Alap\u00edtv\u00e1nya \u00e1ltal lebonyol\u00edtott nyelvvizsg\u00e1kra vonatkozik. (Friss\u00edtve 2025. janu\u00e1r 29.) Az \u00d6SD nyelvvizsg\u00e1r\u00f3l &nbsp; Az akkredit\u00e1lt \u00e9s nemzetk\u00f6zileg elismert \u00d6SD nyelvvizsg\u00e1k el\u0151nyt jelentenek a tov\u00e1bbtanul\u00e1sn\u00e1l \u00e9s a globaliz\u00e1lt munkaer\u0151piacon. Int\u00e9zm\u00e9ny\u00fcnk B2 \u00e9s C1 szinten k\u00edn\u00e1l vizsgalehet\u0151s\u00e9get. Az Osztr\u00e1k Nyelvi Diploma egy [&hellip;]<\/p>\n","protected":false},"author":1,"featured_media":0,"parent":0,"menu_order":0,"comment_status":"closed","ping_status":"closed","template":"","meta":{"footnotes":""},"class_list":["post-35","page","type-page","status-publish","hentry"],"_links":{"self":[{"href":"https:\/\/psgsuli.hu\/gimnazium\/wp-json\/wp\/v2\/pages\/35","targetHints":{"allow":["GET"]}}],"collection":[{"href":"https:\/\/psgsuli.hu\/gimnazium\/wp-json\/wp\/v2\/pages"}],"about":[{"href":"https:\/\/psgsuli.hu\/gimnazium\/wp-json\/wp\/v2\/types\/page"}],"author":[{"embeddable":true,"href":"https:\/\/psgsuli.hu\/gimnazium\/wp-json\/wp\/v2\/users\/1"}],"replies":[{"embeddable":true,"href":"https:\/\/psgsuli.hu\/gimnazium\/wp-json\/wp\/v2\/comments?post=35"}],"version-history":[{"count":45,"href":"https:\/\/psgsuli.hu\/gimnazium\/wp-json\/wp\/v2\/pages\/35\/revisions"}],"predecessor-version":[{"id":12126,"href":"https:\/\/psgsuli.hu\/gimnazium\/wp-json\/wp\/v2\/pages\/35\/revisions\/12126"}],"wp:attachment":[{"href":"https:\/\/psgsuli.hu\/gimnazium\/wp-json\/wp\/v2\/media?parent=35"}],"curies":[{"name":"wp","href":"https:\/\/api.w.org\/{rel}","templated":true}]}}