{"id":1023,"date":"2019-05-27T08:11:44","date_gmt":"2019-05-27T08:11:44","guid":{"rendered":"https:\/\/psgsuli.hu\/gimnazium\/?page_id=1023"},"modified":"2026-03-04T12:54:04","modified_gmt":"2026-03-04T12:54:04","slug":"kozzeteteli-lista","status":"publish","type":"page","link":"https:\/\/psgsuli.hu\/gimnazium\/kozzeteteli-lista\/","title":{"rendered":"K\u00f6zz\u00e9t\u00e9teli lista"},"content":{"rendered":"<h4><span style=\"font-family: verdana, geneva, sans-serif;color: #000000\"><strong>A Nemzeti K\u00f6znevel\u00e9sr\u0151l sz\u00f3l\u00f3 t\u00f6rv\u00e9ny v\u00e9grehajt\u00e1s\u00e1r\u00f3l rendelkez\u0151 229\/2012. (VIII.28.) korm\u00e1nyrendelet 23.\u00a7-\u00e1nak vonatkoz\u00f3 szakaszai alapj\u00e1n. <\/strong><\/span><\/h4>\n<h4><span style=\"font-family: verdana, geneva, sans-serif;color: #000000\"><strong>(1) Nevel\u00e9si-oktat\u00e1si int\u00e9zm\u00e9nyi k\u00f6zz\u00e9t\u00e9teli lista <\/strong><\/span><\/h4>\n<h4><\/h4>\n<h4><span style=\"font-family: verdana, geneva, sans-serif;color: #000000\">a) A felv\u00e9teli lehet\u0151s\u00e9gekr\u0151l sz\u00f3l\u00f3 t\u00e1j\u00e9koztat\u00f3t a NYOLCADIKOSOK men\u00fcpont alatt tal\u00e1lja, A <span style=\"color: #0000ff\"><a style=\"color: #0000ff\" href=\"https:\/\/psgsuli.hu\/gimnazium\/category\/nyolcadikosoknak\/kepzeseink\/\">K\u00c9PZ\u00c9SEK<\/a> <\/span>\u00e9s <span style=\"color: #0000ff\"><a style=\"color: #0000ff\" href=\"https:\/\/psgsuli.hu\/gimnazium\/category\/nyolcadikosoknak\/felveteli\/\">FELV\u00c9TELI<\/a><\/span> alpontokn\u00e1l.<br \/>\n<\/span><\/h4>\n<ul>\n<li>\n<h4><span style=\"font-family: verdana, geneva, sans-serif;color: #000000\">A koll\u00e9giumi beker\u00fcl\u00e9s lehet\u0151s\u00e9g\u00e9r\u0151l pedig a H\u00e1zirendben olvashat, ezt az<span style=\"color: #0000ff\"> <a style=\"color: #0000ff\" href=\"https:\/\/psgsuli.hu\/gimnazium\/iskolai-dokumentumok\/\">Iskol\u00e1nk: Iskolai dokumentumok <\/a><\/span>-n\u00e1l tal\u00e1lja.<\/span><\/h4>\n<\/li>\n<\/ul>\n<h4><span style=\"font-family: verdana, geneva, sans-serif;color: #000000\">b) a beiratkoz\u00e1sra meghat\u00e1rozott id\u0151; a fenntart\u00f3 \u00e1ltal enged\u00e9lyezett oszt\u00e1lyok, csoportok sz\u00e1ma<\/span><\/h4>\n<ul>\n<li>\n<h4><span style=\"font-family: verdana, geneva, sans-serif;color: #000000\">A tan\u00e9v helyi rendje (Gimn\u00e1ziumi munkaterv), ezt az \u00a0 <a style=\"color: #000000\" href=\"https:\/\/psgsuli.hu\/gimnazium\/iskolai-dokumentumok\/\"><span style=\"color: #0000ff\">Iskol\u00e1nk: Iskolai dokumentumok<\/span><\/a> -n\u00e1l tal\u00e1lja.<\/span><\/h4>\n<\/li>\n<li>\n<h4><span style=\"font-family: verdana, geneva, sans-serif;color: #000000\">lsd. al\u00e1bb (3) i) gimn\u00e1zium<\/span><\/h4>\n<\/li>\n<li>\n<h4><span style=\"font-family: verdana, geneva, sans-serif;color: #000000\">lsd. al\u00e1bb (4) d) koll\u00e9gium<\/span><\/h4>\n<\/li>\n<\/ul>\n<h4><span style=\"font-family: verdana, geneva, sans-serif;color: #000000\">c) t\u00e9r\u00edt\u00e9si d\u00edj, tand\u00edj \u00e9s egy\u00e9b d\u00edjfizet\u00e9si k\u00f6telezetts\u00e9g<\/span><\/h4>\n<ul>\n<li>\n<h4><span style=\"font-family: verdana, geneva, sans-serif;color: #000000\"><a style=\"color: #000000\" href=\"https:\/\/psgsuli.hu\/gimnazium\/wp-content\/uploads\/sites\/3\/2025\/11\/Etkezesi-teritesi-dijak-2026.-jan.-1-tol.pdf\"><span style=\"color: #0000ff\">\u00c9tkez\u00e9si t\u00e9r\u00edt\u00e9si d\u00edjak<\/span><\/a><\/span><\/h4>\n<\/li>\n<\/ul>\n<h4><span style=\"font-family: verdana, geneva, sans-serif;color: #000000\">d) a fenntart\u00f3 nevel\u00e9si-oktat\u00e1si int\u00e9zm\u00e9ny munk\u00e1j\u00e1val \u00f6sszef\u00fcgg\u0151 \u00e9rt\u00e9kel\u00e9s\u00e9nek nyilv\u00e1nos meg\u00e1llap\u00edt\u00e1sai \u00e9s ideje, a k\u00f6znevel\u00e9si alapfeladattal kapcsolatos \u2013 nyilv\u00e1nos meg\u00e1llap\u00edt\u00e1sokat tartalmaz\u00f3 \u2013 vizsg\u00e1latok, ellen\u0151rz\u00e9sek felsorol\u00e1sa, ideje, az \u00c1llami Sz\u00e1mvev\u0151sz\u00e9k ellen\u0151rz\u00e9seinek nyilv\u00e1nos meg\u00e1llap\u00edt\u00e1sai, egy\u00e9b ellen\u0151rz\u00e9sek, vizsg\u00e1latok nyilv\u00e1nos meg\u00e1llap\u00edt\u00e1sai<\/span><\/h4>\n<ul>\n<li>\n<h4><span style=\"font-family: verdana, geneva, sans-serif;color: #0000ff\"><a style=\"color: #0000ff\" href=\"https:\/\/psgsuli.hu\/gimnazium\/wp-content\/uploads\/sites\/3\/2019\/06\/\u00e9rt\u00e9kel\u00e9sek_vizsg\u00e1latok_ellen\u0151rz\u00e9sek_2012-2013.pdf\">2012-2013-as tan\u00e9v<\/a><\/span><\/h4>\n<\/li>\n<li>\n<h4><span style=\"font-family: verdana, geneva, sans-serif;color: #0000ff\"><a style=\"color: #0000ff\" href=\"https:\/\/psgsuli.hu\/gimnazium\/wp-content\/uploads\/sites\/3\/2019\/06\/\u00e9rt\u00e9kel\u00e9sek_vizsg\u00e1latok_ellen\u0151rz\u00e9sek_2013-2014.pdf\">2013-2014-es tan\u00e9v<\/a><\/span><\/h4>\n<\/li>\n<li>\n<h4><span style=\"font-family: verdana, geneva, sans-serif;color: #0000ff\"><a style=\"color: #0000ff\" href=\"https:\/\/psgsuli.hu\/gimnazium\/wp-content\/uploads\/sites\/3\/2019\/06\/\u00e9rt\u00e9kel\u00e9sek_vizsg\u00e1latok_ellen\u0151rz\u00e9sek_2014-2015.pdf\">2014-2015-\u00f6s tan\u00e9v<\/a><\/span><\/h4>\n<\/li>\n<li>\n<h4><span style=\"font-family: verdana, geneva, sans-serif;color: #0000ff\"><a style=\"color: #0000ff\" href=\"https:\/\/psgsuli.hu\/gimnazium\/wp-content\/uploads\/sites\/3\/2019\/06\/\u00e9rt\u00e9kel\u00e9sek_vizsg\u00e1latok_ellen\u0151rz\u00e9sek_2015-2016.pdf\">2015-2016-os tan\u00e9v<\/a><\/span><\/h4>\n<\/li>\n<li>\n<h4><span style=\"font-family: verdana, geneva, sans-serif;color: #0000ff\"><a style=\"color: #0000ff\" href=\"https:\/\/psgsuli.hu\/gimnazium\/wp-content\/uploads\/sites\/3\/2019\/06\/\u00e9rt\u00e9kel\u00e9sek_vizsg\u00e1latok_ellen\u0151rz\u00e9sek_2016-2017.pdf\">2016-2017-es tan\u00e9v<\/a><\/span><\/h4>\n<\/li>\n<li>\n<h4><span style=\"text-decoration: underline\"><span style=\"font-family: verdana, geneva, sans-serif;color: #000000\"><a style=\"color: #000000;text-decoration: underline\" href=\"https:\/\/psgsuli.hu\/gimnazium\/wp-content\/uploads\/sites\/3\/2019\/06\/1_d_\u00e9rt\u00e9kel\u00e9sek_vizsg\u00e1latok_ellen\u0151rz\u00e9sek_2017-2018.pdf\"><span style=\"color: #0000ff;text-decoration: underline\">2017-2018-as tan\u00e9v<\/span><\/a><\/span><\/span><\/h4>\n<\/li>\n<li>\n<h4><span style=\"font-family: verdana, geneva, sans-serif;color: #0000ff\"><a style=\"color: #0000ff\" href=\"https:\/\/psgsuli.hu\/gimnazium\/wp-content\/uploads\/sites\/3\/2019\/11\/K\u00f6zz\u00e9t\u00e9teli-lista-2018-2019..pdf\">2018-2019-es tan\u00e9v<\/a><\/span><\/h4>\n<\/li>\n<li>\n<h4><a href=\"https:\/\/psgsuli.hu\/gimnazium\/wp-content\/uploads\/sites\/3\/2020\/12\/1_d_K\u00f6zz\u00e9t\u00e9teli-lista-ell_-2019_2020.docx\"><span style=\"color: #0000ff\"><span style=\"text-decoration: underline\"><span style=\"font-family: verdana, geneva, sans-serif\">2019-2020-es tan\u00e9v<\/span><\/span><\/span><\/a><span style=\"font-family: verdana, geneva, sans-serif;color: #000000\"> ; <a href=\"https:\/\/psgsuli.hu\/gimnazium\/wp-content\/uploads\/sites\/3\/2020\/12\/1_d_\u00e9s_1_f_Jegyz\u0151k\u00f6nyvi-kivonat_besz\u00e1mol\u00f3_orsz\u00e1gos.pdf\"><span style=\"text-decoration: underline\"><span style=\"color: #0000ff;text-decoration: underline\">Jegyz\u0151k\u00f6nyv<\/span><\/span><\/a><\/span><\/h4>\n<\/li>\n<li>\n<h4><span style=\"font-family: verdana, geneva, sans-serif;color: #0000ff\"><a style=\"color: #0000ff\" href=\"https:\/\/psgsuli.hu\/gimnazium\/wp-content\/uploads\/sites\/3\/2021\/10\/Mezobereny_Petofi_tanev_ertekelese_honlapra-2021_FBZs.pdf\">2020-2021-es tan\u00e9v<\/a><\/span><\/h4>\n<\/li>\n<li>\n<h4><span style=\"font-family: verdana, geneva, sans-serif;color: #0000ff\"><a style=\"color: #0000ff\" href=\"https:\/\/psgsuli.hu\/gimnazium\/wp-content\/uploads\/sites\/3\/2023\/11\/Fenntarto\u0301i-e\u0301rte\u0301kele\u0301s-Mezobereny_Petofi_202223_ertekelese_honlapra.pdf\">2022-2023-as tan\u00e9v<\/a><\/span><\/h4>\n<\/li>\n<li>\n<h4><span style=\"color: #0000ff\"><a style=\"color: #0000ff\" href=\"https:\/\/psgsuli.hu\/gimnazium\/wp-content\/uploads\/sites\/3\/2024\/10\/Mezobereny_Petofi_fenntartoi_ertekeles_2023_2024.pdf\"><span style=\"font-family: verdana, geneva, sans-serif\">2023-2024-es tan\u00e9v<\/span><\/a><\/span><\/h4>\n<\/li>\n<li>\n<h4><a href=\"https:\/\/psgsuli.hu\/gimnazium\/wp-content\/uploads\/sites\/3\/2025\/11\/Mezobereny_Petofi_fenntartoi_ertekeles_honlapra_2025_BZs.pdf\"><span style=\"color: #0000ff\"><span style=\"font-family: verdana, geneva, sans-serif\">2024-2025-es tan\u00e9v<\/span><\/span><\/a><\/h4>\n<\/li>\n<\/ul>\n<h4><span style=\"font-family: verdana, geneva, sans-serif;color: #000000\">e) a nevel\u00e9si-oktat\u00e1si int\u00e9zm\u00e9ny nyitva tart\u00e1s\u00e1nak rendje; \u00e9ves munkaterv alapj\u00e1n a nevel\u00e9si \u00e9vben, tan\u00e9vben tervezett jelent\u0151sebb rendezv\u00e9nyek, esem\u00e9nyek id\u0151pontjai<\/span><\/h4>\n<ul>\n<li>\n<h4><a href=\"https:\/\/psgsuli.hu\/gimnazium\/wp-content\/uploads\/sites\/3\/2024\/08\/SZMSZ_ve%CC%81gleges.pdf\"><span style=\"font-family: verdana, geneva, sans-serif;color: #000000\"><span style=\"color: #0000ff\">SZMSZ<\/span><\/span><\/a><\/h4>\n<\/li>\n<li>\n<h4><span style=\"font-family: verdana, geneva, sans-serif;color: #000000\"><a href=\"https:\/\/psgsuli.hu\/gimnazium\/wp-content\/uploads\/sites\/3\/2025\/11\/Munkaterv.pdf\"><span style=\"color: #0000ff\">A tan\u00e9v helyi rendje <\/span><\/a>(\u00e1ltal\u00e1nos iskolai, gimn\u00e1ziumi, AJTP-s \u00e9s koll\u00e9giumi munkaterv)<\/span><\/h4>\n<\/li>\n<li>\n<h4><a href=\"https:\/\/psgsuli.hu\/gimnazium\/wp-content\/uploads\/sites\/3\/2025\/11\/AJTP-2025-2026.pdf\"><span style=\"color: #0000ff\"><span style=\"font-family: verdana, geneva, sans-serif\">AJTP <\/span><span style=\"font-family: verdana, geneva, sans-serif\">munkaterv<\/span><\/span><\/a><\/h4>\n<\/li>\n<\/ul>\n<h4><span style=\"font-family: verdana, geneva, sans-serif;color: #000000\">Ezeket a<span style=\"color: #0000ff\"><span style=\"color: #000000\">z<\/span> Iskol\u00e1nk: <a style=\"color: #0000ff\" href=\"https:\/\/psgsuli.hu\/gimnazium\/iskolai-dokumentumok\/\">Iskolai dokumentumok<\/a> <\/span>-ban tal\u00e1lja.<\/span><\/h4>\n<h4><span style=\"font-family: verdana, geneva, sans-serif;color: #000000\">f) pedag\u00f3giai szakmai ellen\u0151rz\u00e9s meg\u00e1llap\u00edt\u00e1sai<\/span><\/h4>\n<ul>\n<li>\n<h4><span style=\"font-family: verdana, geneva, sans-serif;color: #0000ff\"><a style=\"color: #0000ff\" href=\"https:\/\/psgsuli.hu\/gimnazium\/wp-content\/uploads\/sites\/3\/2019\/06\/ped._szakmai_ellen\u0151rz\u00e9sek_2012-2013.pdf\">2012-2013-as tan\u00e9v<\/a><\/span><\/h4>\n<\/li>\n<li>\n<h4><span style=\"font-family: verdana, geneva, sans-serif;color: #0000ff\"><a style=\"color: #0000ff\" href=\"https:\/\/psgsuli.hu\/gimnazium\/wp-content\/uploads\/sites\/3\/2019\/06\/ped._szakmai_ellen\u0151rz\u00e9sek_2013-2014.pdf\">2013-2014-es tan\u00e9v<\/a><\/span><\/h4>\n<\/li>\n<li>\n<h4><span style=\"font-family: verdana, geneva, sans-serif;color: #0000ff\"><a style=\"color: #0000ff\" href=\"https:\/\/psgsuli.hu\/gimnazium\/wp-content\/uploads\/sites\/3\/2019\/06\/ped._szakmai_ellen\u0151rz\u00e9sek_2014-2015.pdf\">2014-2015-\u00f6s tan\u00e9v<\/a><\/span><\/h4>\n<\/li>\n<li>\n<h4><span style=\"font-family: verdana, geneva, sans-serif;color: #0000ff\"><a style=\"color: #0000ff\" href=\"https:\/\/psgsuli.hu\/gimnazium\/wp-content\/uploads\/sites\/3\/2019\/06\/ped._szakmai_ellen\u0151rz\u00e9sek_2015-2016.pdf\">2015-2016-os tan\u00e9v<\/a><\/span><\/h4>\n<\/li>\n<li>\n<h4><span style=\"font-family: verdana, geneva, sans-serif;color: #000000\"><a style=\"color: #000000\" href=\"https:\/\/psgsuli.hu\/gimnazium\/wp-content\/uploads\/sites\/3\/2019\/06\/ped._szakmai_ellen\u0151rz\u00e9sek_2016-2017.pdf\"><span style=\"color: #0000ff\">2016-2017-es tan\u00e9v<\/span><\/a><\/span><\/h4>\n<\/li>\n<li>\n<h4><a href=\"https:\/\/psgsuli.hu\/gimnazium\/wp-content\/uploads\/sites\/3\/2025\/11\/Altalanos-iskolai-tanfelugyelet-megallapitasai-2024-2025.pdf\"><span style=\"font-family: verdana, geneva, sans-serif;color: #000000\"><span style=\"color: #0000ff\">2024-2025-es tan\u00e9v<\/span><\/span><\/a><\/h4>\n<\/li>\n<\/ul>\n<h4><span style=\"font-family: verdana, geneva, sans-serif;color: #000000\">g) a szervezeti \u00e9s m\u0171k\u00f6d\u00e9si szab\u00e1lyzat; a h\u00e1zirend; a pedag\u00f3giai program<\/span><\/h4>\n<ul>\n<li>\n<h4><span style=\"font-family: verdana, geneva, sans-serif;color: #000000\">SZMSZ<\/span><\/h4>\n<\/li>\n<li>\n<h4><span style=\"font-family: verdana, geneva, sans-serif;color: #000000\">H\u00e1zirend<\/span><\/h4>\n<\/li>\n<li>\n<h4><span style=\"font-family: verdana, geneva, sans-serif;color: #000000\">Pedag\u00f3giai program<\/span><\/h4>\n<\/li>\n<\/ul>\n<h4><span style=\"font-family: verdana, geneva, sans-serif;color: #000000\">Ezeket az <span style=\"color: #0000ff\"><a style=\"color: #0000ff\" href=\"https:\/\/psgsuli.hu\/gimnazium\/iskolai-dokumentumok\/\">Iskol\u00e1nk: Iskolai dokumentumok <\/a><\/span>-ban tal\u00e1lja.<\/span><\/h4>\n<h4><span style=\"font-family: verdana, geneva, sans-serif;color: #000000\"><strong>(3) Iskolai <\/strong>(\u00e1ltal\u00e1nos iskolai \u00e9s gimn\u00e1ziumi ) <strong>k\u00f6zz\u00e9t\u00e9teli lista az (1) bekezd\u00e9sben meghat\u00e1ro<\/strong><strong>zottakon k\u00edv\u00fcl <\/strong><\/span><\/h4>\n<h4><span style=\"font-family: verdana, geneva, sans-serif;color: #000000\">a) a bet\u00f6lt\u00f6tt munkak\u00f6r\u00f6k alapj\u00e1n a pedag\u00f3gusok iskolai v\u00e9gzetts\u00e9ge \u00e9s szakk\u00e9pzetts\u00e9ge<\/span><\/h4>\n<ul>\n<li>\n<h4><span style=\"font-family: verdana, geneva, sans-serif;color: #000000\">Tan\u00e1ri kar (<span style=\"color: #0000ff\"><a style=\"color: #0000ff\" href=\"https:\/\/psgsuli.hu\/gimnazium\/tanaraink\/\">gimn\u00e1zium<\/a><\/span>, <span style=\"color: #0000ff\"><a style=\"color: #0000ff\" href=\"https:\/\/psgsuli.hu\/altalanos\/tanitok\/\">\u00e1ltal\u00e1nos iskola<\/a><\/span>)<\/span><\/h4>\n<\/li>\n<li>\n<h4><span style=\"font-family: verdana, geneva, sans-serif;color: #000000\">\u00e1ltal\u00e1nos iskolai \u00e9s gimn\u00e1ziumi tan\u00e1rok v\u00e9gzetts\u00e9ge \u00e9s szakk\u00e9pzetts\u00e9ge<\/span><\/h4>\n<\/li>\n<\/ul>\n<h4><span style=\"font-family: verdana, geneva, sans-serif;color: #000000\">b) <a href=\"https:\/\/psgsuli.hu\/gimnazium\/wp-content\/uploads\/sites\/3\/2025\/11\/3b-Kepzettseg-NOKS-2024.pdf\"><span style=\"color: #0000ff\">a bet\u00f6lt\u00f6tt munkak\u00f6r\u00f6k alapj\u00e1n a nevel\u0151 \u00e9s oktat\u00f3 munk\u00e1t seg\u00edt\u0151k sz\u00e1ma, iskolai v\u00e9gzetts\u00e9ge \u00e9s szakk\u00e9pzetts\u00e9ge<\/span><\/a><\/span><\/h4>\n<h4><span style=\"font-family: verdana, geneva, sans-serif;color: #000000\">c) az orsz\u00e1gos m\u00e9r\u00e9s-\u00e9rt\u00e9kel\u00e9s eredm\u00e9nyei<\/span><\/h4>\n<ul>\n<li>\n<h4><span style=\"font-family: verdana, geneva, sans-serif;color: #0000ff\"><a style=\"color: #0000ff\" href=\"https:\/\/psgsuli.hu\/gimnazium\/wp-content\/uploads\/sites\/3\/2019\/06\/Kompm\u00e9r\u00e9s2012_2013.pdf\">2012\/2013-as tan\u00e9v<\/a><\/span><\/h4>\n<\/li>\n<li>\n<h4><span style=\"font-family: verdana, geneva, sans-serif;color: #0000ff\"><a style=\"color: #0000ff\" href=\"https:\/\/psgsuli.hu\/gimnazium\/wp-content\/uploads\/sites\/3\/2019\/06\/Komp.m\u00e9r\u00e9s2013.pdf\">2013\/2014-es tan\u00e9v<\/a><\/span><\/h4>\n<\/li>\n<li>\n<h4><span style=\"font-family: verdana, geneva, sans-serif;color: #0000ff\"><a style=\"color: #0000ff\" href=\"https:\/\/psgsuli.hu\/gimnazium\/wp-content\/uploads\/sites\/3\/2019\/06\/Kompetencia2014.pdf\">2014\/2015-es tan\u00e9v<\/a><\/span><\/h4>\n<\/li>\n<li>\n<h4><span style=\"font-family: verdana, geneva, sans-serif;color: #0000ff\"><a style=\"color: #0000ff\" href=\"https:\/\/psgsuli.hu\/gimnazium\/wp-content\/uploads\/sites\/3\/2019\/06\/komp.meres2015.pdf\">2015\/2016-es tan\u00e9v<\/a><\/span><\/h4>\n<\/li>\n<li>\n<h4><span style=\"font-family: verdana, geneva, sans-serif;color: #0000ff\"><a style=\"color: #0000ff\" href=\"https:\/\/psgsuli.hu\/gimnazium\/wp-content\/uploads\/sites\/3\/2019\/06\/komp_m\u00e9r\u00e9s_Sz_M20162017.pdf\">2016\/2017-es tan\u00e9v<\/a><\/span><\/h4>\n<\/li>\n<li>\n<h4><span style=\"font-family: verdana, geneva, sans-serif;color: #000000\"><a style=\"color: #000000\" href=\"https:\/\/psgsuli.hu\/gimnazium\/wp-content\/uploads\/sites\/3\/2019\/06\/Kompm\u00e9r\u00e9s_2017_honlapra_1.pdf\"><span style=\"color: #0000ff\">2017\/2018-as tan\u00e9v<\/span><\/a><\/span><\/h4>\n<\/li>\n<li>\n<h4><a href=\"https:\/\/psgsuli.hu\/gimnazium\/wp-content\/uploads\/sites\/3\/2019\/06\/nyelvi-m\u00e9r\u00e9s2019.docx\"><span style=\"font-family: verdana, geneva, sans-serif;color: #0000ff\">2018\/2019-es tan\u00e9v<\/span><\/a><\/h4>\n<\/li>\n<li>\n<h4><a href=\"https:\/\/psgsuli.hu\/gimnazium\/wp-content\/uploads\/sites\/3\/2020\/12\/3_c_Kompm\u00e9r\u00e9s-2019-eredm\u00e9nye-honlapra.docx\"><span style=\"text-decoration: underline\"><span style=\"font-family: verdana, geneva, sans-serif;color: #0000ff;text-decoration: underline\">2019<\/span><\/span><\/a><\/h4>\n<\/li>\n<li>\n<h4><span style=\"font-family: verdana, geneva, sans-serif;color: #0000ff\"><a style=\"color: #0000ff\" href=\"https:\/\/psgsuli.hu\/gimnazium\/wp-content\/uploads\/sites\/3\/2024\/11\/A-2020_elmaradt.docx.pdf\">2020<\/a><\/span><\/h4>\n<\/li>\n<li>\n<h4><span style=\"font-family: verdana, geneva, sans-serif;color: #0000ff\"><a style=\"color: #0000ff\" href=\"https:\/\/psgsuli.hu\/gimnazium\/wp-content\/uploads\/sites\/3\/2021\/09\/Nyelvi-meres_\u00f6sszegz\u00e9s_2021.docx\">2021<\/a><\/span><\/h4>\n<\/li>\n<li>\n<h4><span style=\"font-family: verdana, geneva, sans-serif;color: #0000ff\"><a style=\"color: #0000ff\" href=\"https:\/\/psgsuli.hu\/gimnazium\/wp-content\/uploads\/sites\/3\/2023\/06\/Kompm\u00e9r\u00e9s-eredm\u00e9nyei-2022-honlapra.pdf\">2022<\/a><\/span><\/h4>\n<\/li>\n<li>\n<h4><span style=\"color: #0000ff\"><a style=\"color: #0000ff\" href=\"https:\/\/psgsuli.hu\/gimnazium\/wp-content\/uploads\/sites\/3\/2024\/07\/Kompetencia-2023_2024-PSG.pdf\"><span style=\"font-family: verdana, geneva, sans-serif\">2023<\/span><\/a><\/span><\/h4>\n<\/li>\n<li>\n<h4><a href=\"https:\/\/psgsuli.hu\/gimnazium\/wp-content\/uploads\/sites\/3\/2025\/11\/A-2024-es-kompmeres-eredmenyei-a-honlapra-gimnazium.pdf\"><span style=\"color: #0000ff\"><span style=\"font-family: verdana, geneva, sans-serif\">2024<\/span><\/span><\/a><\/h4>\n<\/li>\n<\/ul>\n<h4><span style=\"font-family: verdana, geneva, sans-serif;color: #000000\">d) a tanul\u00f3k le- \u00e9s kimarad\u00e1s\u00e1val, \u00e9vfolyamism\u00e9tl\u00e9s\u00e9vel kapcsolatos adatok<\/span><\/h4>\n<ul style=\"list-style-type: circle\">\n<li>\n<h4><span style=\"font-family: verdana, geneva, sans-serif;color: #0000ff\"><a style=\"color: #0000ff\" href=\"https:\/\/psgsuli.hu\/gimnazium\/wp-content\/uploads\/sites\/3\/2019\/06\/lemarad\u00e1sok2012_2013.pdf\">2012\/2013-as tan\u00e9v<\/a><\/span><\/h4>\n<\/li>\n<li>\n<h4><span style=\"font-family: verdana, geneva, sans-serif;color: #0000ff\"><a style=\"color: #0000ff\" href=\"https:\/\/psgsuli.hu\/gimnazium\/wp-content\/uploads\/sites\/3\/2019\/06\/2013-2014-tanul\u00f3k_lemarad\u00e1s_kimarad\u00e1s.pdf\">2013\/2014-es tan\u00e9v<\/a><\/span><\/h4>\n<\/li>\n<li>\n<h4><span style=\"font-family: verdana, geneva, sans-serif;color: #0000ff\"><a style=\"color: #0000ff\" href=\"https:\/\/psgsuli.hu\/gimnazium\/wp-content\/uploads\/sites\/3\/2019\/06\/2014-2015-tanul\u00f3k_lemarad\u00e1s_kimarad\u00e1s.pdf\">2014\/2015-es tan\u00e9v<\/a><\/span><\/h4>\n<\/li>\n<li>\n<h4><span style=\"font-family: verdana, geneva, sans-serif;color: #0000ff\"><a style=\"color: #0000ff\" href=\"https:\/\/psgsuli.hu\/gimnazium\/wp-content\/uploads\/sites\/3\/2019\/06\/2015-2016-tanul\u00f3k_lemarad\u00e1s_kimarad\u00e1s.pdf\">2015\/2016-os tan\u00e9v<\/a><\/span><\/h4>\n<\/li>\n<li>\n<h4><span style=\"font-family: verdana, geneva, sans-serif;color: #0000ff\"><a style=\"color: #0000ff\" href=\"https:\/\/psgsuli.hu\/gimnazium\/wp-content\/uploads\/sites\/3\/2019\/06\/2016-2017-tanul\u00f3k_lemarad\u00e1s_kimarad\u00e1s.pdf\">2016\/2017-es tan\u00e9v<\/a><\/span><\/h4>\n<\/li>\n<li>\n<h4><span style=\"font-family: verdana, geneva, sans-serif;color: #000000\"><a style=\"color: #000000\" href=\"https:\/\/psgsuli.hu\/gimnazium\/wp-content\/uploads\/sites\/3\/2019\/06\/2017-2018-tanul\u00f3k_lemarad\u00e1s_kimarad\u00e1s_pdf-1.pdf\"><span style=\"color: #0000ff\">2017\/2018-as tan\u00e9v<\/span><\/a><\/span><\/h4>\n<\/li>\n<li>\n<h4><span style=\"font-family: verdana, geneva, sans-serif;color: #0000ff\"><a style=\"color: #0000ff\" href=\"https:\/\/psgsuli.hu\/gimnazium\/wp-content\/uploads\/sites\/3\/2019\/11\/3-d-2018-2019-tanul\u00f3k_lemarad\u00e1s_kimarad\u00e1s.pdf\">2018\/2019-es tan\u00e9v<\/a><\/span><\/h4>\n<\/li>\n<li>\n<h4><span style=\"font-family: verdana, geneva, sans-serif;color: #0000ff\"><a style=\"color: #0000ff\" href=\"https:\/\/psgsuli.hu\/gimnazium\/wp-content\/uploads\/sites\/3\/2020\/11\/2019-2020-tanul\u00f3k_lemarad\u00e1s_kimarad\u00e1s.docx\">2019\/2020-as tan\u00e9v<\/a><\/span><\/h4>\n<\/li>\n<li>\n<h4><span style=\"font-family: verdana, geneva, sans-serif;color: #0000ff\"><a style=\"color: #0000ff\" href=\"https:\/\/psgsuli.hu\/gimnazium\/wp-content\/uploads\/sites\/3\/2021\/09\/Nyelvi-meres_\u00f6sszegz\u00e9s_2021.docx\">2020\/2021-es tan\u00e9v<\/a><\/span><\/h4>\n<\/li>\n<li>\n<h4><span style=\"font-family: verdana, geneva, sans-serif;color: #0000ff\"><a style=\"color: #0000ff\" href=\"https:\/\/psgsuli.hu\/gimnazium\/wp-content\/uploads\/sites\/3\/2024\/10\/A-2023_24-tan\u00e9v-le-\u00e9s-kimarad\u00e1s\u00e1val-kapcs.-adatok.pdf\">2023\/2024-es tan\u00e9v<\/a><\/span><\/h4>\n<\/li>\n<li>\n<h4><a href=\"https:\/\/psgsuli.hu\/gimnazium\/wp-content\/uploads\/sites\/3\/2025\/11\/Le-es-kimaradas-2024-2025.-tanev.pdf\"><span style=\"font-family: verdana, geneva, sans-serif;color: #0000ff\">2024\/2025-es tan\u00e9v<\/span><\/a><\/h4>\n<\/li>\n<\/ul>\n<h4><span style=\"font-family: verdana, geneva, sans-serif;color: #000000\">e) a tan\u00f3r\u00e1n k\u00edv\u00fcli egy\u00e9b foglalkoz\u00e1sok ig\u00e9nybev\u00e9tel\u00e9nek lehet\u0151s\u00e9ge<\/span><\/h4>\n<ul>\n<li>\n<h4><a href=\"https:\/\/psgsuli.hu\/gimnazium\/wp-content\/uploads\/sites\/3\/2019\/11\/Szakk\u00f6r\u00f6k2019_20.pdf\"><span style=\"font-family: verdana, geneva, sans-serif;color: #000000\"><span style=\"color: #0000ff\">szakk\u00f6r\u00f6k 2019-2020<\/span><\/span><\/a><\/h4>\n<\/li>\n<li>\n<h4><a href=\"https:\/\/psgsuli.hu\/gimnazium\/wp-content\/uploads\/sites\/3\/2020\/12\/3_f_Szakk\u00f6r\u00f6k-2020-gimi-\u00e1lt-isk.docx\"><span style=\"text-decoration: underline\"><span style=\"font-family: verdana, geneva, sans-serif;color: #0000ff;text-decoration: underline\">szakk\u00f6r\u00f6k 2020-2021<\/span><\/span><\/a><\/h4>\n<\/li>\n<li>\n<h4><span style=\"font-family: verdana, geneva, sans-serif;color: #0000ff\"><a style=\"color: #0000ff\" href=\"https:\/\/psgsuli.hu\/gimnazium\/wp-content\/uploads\/sites\/3\/2021\/10\/3_f_Szakk\u00f6r\u00f6k-2021_22-gimi-\u00e1lt-isk-1.docx\">szakk\u00f6r\u00f6k 2021-2022<\/a><\/span><\/h4>\n<\/li>\n<li>\n<h4><span style=\"font-family: verdana, geneva, sans-serif;color: #0000ff\"><a style=\"color: #0000ff\" href=\"https:\/\/psgsuli.hu\/gimnazium\/wp-content\/uploads\/sites\/3\/2024\/10\/szakk\u00f6r\u00f6k-2024.pdf\">szakk\u00f6r\u00f6k 2024-2025<\/a><\/span><\/h4>\n<\/li>\n<li>\n<h4><a href=\"https:\/\/psgsuli.hu\/gimnazium\/wp-content\/uploads\/sites\/3\/2025\/11\/Szakkorok_2025_honlapra.pdf\"><span style=\"font-family: verdana, geneva, sans-serif;color: #0000ff\">szakk\u00f6r\u00f6k 2025-2026<\/span><\/a><\/h4>\n<\/li>\n<\/ul>\n<h4><span style=\"font-family: verdana, geneva, sans-serif;color: #000000\">f) a h\u00e9tv\u00e9gi h\u00e1zi feladatok \u00e9s az iskolai dolgozatok szab\u00e1lyai<\/span><\/h4>\n<ul>\n<li>\n<h4><span style=\"font-family: verdana, geneva, sans-serif;color: #000000\">H\u00e1zirend, ezt az <span style=\"color: #0000ff\"><a style=\"color: #0000ff\" href=\"https:\/\/psgsuli.hu\/gimnazium\/iskolai-dokumentumok\/\">Iskol\u00e1nk: Iskolai dokumentumok<\/a><\/span>-ban tal\u00e1lja.<\/span><\/h4>\n<\/li>\n<\/ul>\n<h4><span style=\"font-family: verdana, geneva, sans-serif;color: #000000\">g) az oszt\u00e1lyoz\u00f3 vizsga tant\u00e1rgyank\u00e9nti, \u00e9vfolyamonk\u00e9nti k\u00f6vetelm\u00e9nyei; a tanulm\u00e1nyok alatti vizsg\u00e1k tervezett ideje<\/span><\/h4>\n<h4><span style=\"font-family: verdana, geneva, sans-serif;color: #000000\">A helyi tantervek tartalmazz\u00e1k a k\u00f6z\u00e9pszint\u0171 \u00e9retts\u00e9gi vizsg\u00e1k k\u00f6vetelm\u00e9nyeit, az oszt\u00e1lyoz\u00f3 vizsg\u00e1k ezekhez igazodnak.<\/span><\/h4>\n<ul>\n<li>\n<h4><span style=\"font-family: verdana, geneva, sans-serif;color: #000000\">Az egyes t\u00e1rgyak tantervei<\/span><\/h4>\n<\/li>\n<li>\n<h4><span style=\"font-family: verdana, geneva, sans-serif;color: #000000\">A tan\u00e9v helyi rendje<\/span><\/h4>\n<\/li>\n<\/ul>\n<h4><span style=\"font-family: verdana, geneva, sans-serif;color: #000000\">Ezeket az <span style=\"color: #0000ff\"><a style=\"color: #0000ff\" href=\"https:\/\/psgsuli.hu\/gimnazium\/iskolai-dokumentumok\/\">Iskol\u00e1nk: Iskolai dokumentumok<\/a><\/span>-ban tal\u00e1lja.<\/span><\/h4>\n<h4><span style=\"font-family: verdana, geneva, sans-serif;color: #000000\">h) az iskolai oszt\u00e1lyok sz\u00e1ma \u00e9s az egyes oszt\u00e1lyokban a tanul\u00f3k l\u00e9tsz\u00e1ma<\/span><\/h4>\n<ul>\n<li>\n<h4><a href=\"https:\/\/psgsuli.hu\/gimnazium\/wp-content\/uploads\/sites\/3\/2025\/11\/Letszamok-2025.10.01.pdf\"><span style=\"font-family: verdana, geneva, sans-serif;color: #000000\"><span style=\"color: #0000ff\">iskolai oszt\u00e1lyok sz\u00e1ma, oszt\u00e1lyf\u0151n\u00f6k\u00f6k, illetve az egyes oszt\u00e1lyban tanul\u00f3k l\u00e9tsz\u00e1ma<\/span><\/span><\/a><\/h4>\n<\/li>\n<\/ul>\n<h4><span style=\"font-family: verdana, geneva, sans-serif;color: #000000\">(i) A tanul\u00f3k tanulm\u00e1nyi eredm\u00e9nyeinek nyomon k\u00f6vet\u00e9se a k\u00f6z\u00e9pfok\u00fa iskol\u00e1k adatai alapj\u00e1n<\/span><\/h4>\n<ul>\n<li>\n<h4><span style=\"color: #0000ff\"><a style=\"color: #0000ff\" href=\"https:\/\/psgsuli.hu\/gimnazium\/wp-content\/uploads\/sites\/3\/2026\/03\/A-tanulok-tanulmanyi-eredmenyeinek-nyomon-kovetese-a-kozepfoku-iskolak-adatai-alapjan-24_25.pdf\" target=\"_blank\" rel=\"noopener\"><span style=\"font-family: verdana, geneva, sans-serif\">2024\/2025-\u00f6s tan\u00e9v<\/span><\/a><\/span><\/h4>\n<\/li>\n<\/ul>\n<h4><strong><span style=\"font-family: verdana, geneva, sans-serif;color: #000000\">(4) Koll\u00e9giumi k\u00f6zz\u00e9t\u00e9teli lista az (1) bekezd\u00e9sben meghat\u00e1rozottakon k\u00edv\u00fcl<\/span><\/strong><\/h4>\n<h4><span style=\"font-family: verdana, geneva, sans-serif;color: #000000\">a) a bet\u00f6lt\u00f6tt munkak\u00f6r\u00f6k alapj\u00e1n a pedag\u00f3gusok iskolai v\u00e9gzetts\u00e9ge \u00e9s szakk\u00e9pzetts\u00e9ge<\/span><\/h4>\n<ul>\n<li>\n<h4><a href=\"https:\/\/psgsuli.hu\/gimnazium\/wp-content\/uploads\/sites\/3\/2025\/11\/KOLLEGIUM_nevelok_vegzettseg_honlapra.pdf\"><span style=\"font-family: verdana, geneva, sans-serif;color: #0000ff\">a koll\u00e9giumi nevel\u0151k szakk\u00e9pzetts\u00e9ge \u00e9s v\u00e9gzetts\u00e9ge<\/span><\/a><\/h4>\n<\/li>\n<\/ul>\n<h4><span style=\"font-family: verdana, geneva, sans-serif;color: #000000\">b) a szabadid\u0151s foglalkoz\u00e1sok k\u00f6re<\/span><\/h4>\n<ul>\n<li>\n<h4><a href=\"https:\/\/psgsuli.hu\/gimnazium\/wp-content\/uploads\/sites\/3\/2025\/11\/Kollegiumi-szakkorok_2025_honlapra.pdf\"><span style=\"font-family: verdana, geneva, sans-serif;color: #0000ff\">szakk\u00f6r\u00f6k<\/span><\/a><\/h4>\n<\/li>\n<\/ul>\n<h4><span style=\"font-family: verdana, geneva, sans-serif;color: #000000\">c) extern\u00e1tusi ell\u00e1t\u00e1s ig\u00e9nybev\u00e9tel\u00e9nek lehet\u0151s\u00e9ge<\/span><\/h4>\n<ul>\n<li>\n<h4><span style=\"font-family: verdana, geneva, sans-serif;color: #000000\">nincs ilyen lehet\u0151s\u00e9g<\/span><\/h4>\n<\/li>\n<\/ul>\n<h4><span style=\"font-family: verdana, geneva, sans-serif;color: #000000\">d) a koll\u00e9giumi csoportok sz\u00e1ma \u00e9s az egyes csoportokban a tanul\u00f3k l\u00e9tsz\u00e1ma<\/span><\/h4>\n<ul>\n<li>\n<h4><span style=\"font-family: verdana, geneva, sans-serif;color: #000000\">\u00a0<span style=\"color: #0000ff\"><a style=\"color: #0000ff\" href=\"https:\/\/psgsuli.hu\/gimnazium\/wp-content\/uploads\/sites\/3\/2025\/11\/Kollegiumi-csoportok_2025_26_honlapra.pdf\">koll\u00e9giumi csoportok sz\u00e1ma, l\u00e9tsz\u00e1ma \u00e9s a csoportvezet\u0151 neve<\/a><\/span><\/span><\/h4>\n<\/li>\n<\/ul>\n","protected":false},"excerpt":{"rendered":"<p>A Nemzeti K\u00f6znevel\u00e9sr\u0151l sz\u00f3l\u00f3 t\u00f6rv\u00e9ny v\u00e9grehajt\u00e1s\u00e1r\u00f3l rendelkez\u0151 229\/2012. (VIII.28.) korm\u00e1nyrendelet 23.\u00a7-\u00e1nak vonatkoz\u00f3 szakaszai alapj\u00e1n. (1) Nevel\u00e9si-oktat\u00e1si int\u00e9zm\u00e9nyi k\u00f6zz\u00e9t\u00e9teli lista a) A felv\u00e9teli lehet\u0151s\u00e9gekr\u0151l sz\u00f3l\u00f3 t\u00e1j\u00e9koztat\u00f3t a NYOLCADIKOSOK men\u00fcpont alatt tal\u00e1lja, A K\u00c9PZ\u00c9SEK \u00e9s FELV\u00c9TELI alpontokn\u00e1l. A koll\u00e9giumi beker\u00fcl\u00e9s lehet\u0151s\u00e9g\u00e9r\u0151l pedig a H\u00e1zirendben olvashat, ezt az Iskol\u00e1nk: Iskolai dokumentumok -n\u00e1l tal\u00e1lja. b) a beiratkoz\u00e1sra meghat\u00e1rozott id\u0151; [&hellip;]<\/p>\n","protected":false},"author":2,"featured_media":0,"parent":0,"menu_order":0,"comment_status":"closed","ping_status":"closed","template":"","meta":{"footnotes":""},"class_list":["post-1023","page","type-page","status-publish","hentry"],"_links":{"self":[{"href":"https:\/\/psgsuli.hu\/gimnazium\/wp-json\/wp\/v2\/pages\/1023","targetHints":{"allow":["GET"]}}],"collection":[{"href":"https:\/\/psgsuli.hu\/gimnazium\/wp-json\/wp\/v2\/pages"}],"about":[{"href":"https:\/\/psgsuli.hu\/gimnazium\/wp-json\/wp\/v2\/types\/page"}],"author":[{"embeddable":true,"href":"https:\/\/psgsuli.hu\/gimnazium\/wp-json\/wp\/v2\/users\/2"}],"replies":[{"embeddable":true,"href":"https:\/\/psgsuli.hu\/gimnazium\/wp-json\/wp\/v2\/comments?post=1023"}],"version-history":[{"count":63,"href":"https:\/\/psgsuli.hu\/gimnazium\/wp-json\/wp\/v2\/pages\/1023\/revisions"}],"predecessor-version":[{"id":12147,"href":"https:\/\/psgsuli.hu\/gimnazium\/wp-json\/wp\/v2\/pages\/1023\/revisions\/12147"}],"wp:attachment":[{"href":"https:\/\/psgsuli.hu\/gimnazium\/wp-json\/wp\/v2\/media?parent=1023"}],"curies":[{"name":"wp","href":"https:\/\/api.w.org\/{rel}","templated":true}]}}