{"id":1021,"date":"2019-05-27T08:11:15","date_gmt":"2019-05-27T08:11:15","guid":{"rendered":"https:\/\/psgsuli.hu\/gimnazium\/?page_id=1021"},"modified":"2025-11-12T11:54:18","modified_gmt":"2025-11-12T11:54:18","slug":"kozossegi-szolgalat","status":"publish","type":"page","link":"https:\/\/psgsuli.hu\/gimnazium\/kozossegi-szolgalat\/","title":{"rendered":"K\u00f6z\u00f6ss\u00e9gi szolg\u00e1lat"},"content":{"rendered":"<div class=\"dd-postcontent clearfix\">\n<h4><span style=\"font-family: verdana, geneva, sans-serif; color: #000000;\">1. Fogad\u00f3 int\u00e9zm\u00e9nyek: (m\u00f3dos\u00edtva: 2025. november 10.) <a href=\"https:\/\/psgsuli.hu\/gimnazium\/wp-content\/uploads\/sites\/3\/2025\/11\/Fogado-intezmenyek_frissitett_20251110.xls\"><span style=\"color: #0000ff;\">let\u00f6lt\u00e9s<\/span><\/a><\/span><\/h4>\n<h4><span style=\"font-family: verdana, geneva, sans-serif; color: #000000;\">2. A k\u00f6z\u00f6ss\u00e9gi szolg\u00e1latra vonatkoz\u00f3 jogszab\u00e1lyok:<span style=\"color: #0000ff;\"> <a style=\"color: #0000ff;\" href=\"https:\/\/psgsuli.hu\/gimnazium\/wp-content\/uploads\/sites\/3\/2019\/06\/Iskolai_k\u00f6z\u00f6ss\u00e9gi_szolg\u00e1lat_szervez\u00e9s\u00e9vel_kapcsolatos_szab\u00e1lyzat.pdf\">let\u00f6lt\u00e9s<\/a><\/span><\/span><\/h4>\n<h4><span style=\"font-family: verdana, geneva, sans-serif; color: #000000;\">3. K\u00f6z\u00f6ss\u00e9gi szolg\u00e1lat napl\u00f3ja: <a href=\"https:\/\/psgsuli.hu\/gimnazium\/wp-content\/uploads\/sites\/3\/2024\/07\/K\u00d6Z\u00d6SS\u00c9GI-SZOLG\u00c1LAT-NAPL\u00d3JA_\u00faj_2022_23_jav\u00edtott.pdf\"><span style=\"color: #0000ff;\">let\u00f6lt\u00e9s<\/span><\/a> (r\u00e9gi)<\/span><\/h4>\n<h4><span style=\"font-family: verdana, geneva, sans-serif; color: #000000;\">4. K\u00f6z\u00f6ss\u00e9gi szolg\u00e1lat szervez\u00e9s\u00e9vel kapcsolatos szab\u00e1lyzat: <span style=\"color: #0000ff;\"><a style=\"color: #0000ff;\" href=\"https:\/\/psgsuli.hu\/gimnazium\/wp-content\/uploads\/sites\/3\/2019\/06\/K\u00f6z\u00f6ss\u00e9gi_szolg\u00e1lat_szervez\u00e9s\u00e9vel_kapcsolatos_szab\u00e1lyzat.docx\">let\u00f6lt\u00e9s<\/a><\/span><\/span><\/h4>\n<h4><span style=\"font-family: verdana, geneva, sans-serif; color: #000000;\">5. M\u00f3dszertani aj\u00e1nl\u00e1s: <span style=\"color: #0000ff;\"><a style=\"color: #0000ff;\" href=\"https:\/\/psgsuli.hu\/gimnazium\/wp-content\/uploads\/sites\/3\/2019\/06\/M\u00f3dszertani-aj\u00e1nl\u00e1s.doc\">let\u00f6lt\u00e9s<\/a><\/span><\/span><\/h4>\n<h4><span style=\"font-family: verdana, geneva, sans-serif; color: #000000;\">6. T\u00e1j\u00e9koztat\u00f3 fogad\u00f3 int\u00e9zm\u00e9nyek r\u00e9sz\u00e9re: <span style=\"color: #0000ff;\"><a style=\"color: #0000ff;\" href=\"https:\/\/psgsuli.hu\/gimnazium\/wp-content\/uploads\/sites\/3\/2019\/06\/fogad\u00f3_int_t\u00e1j\u00e9koztat\u00f3.doc\">let\u00f6lt\u00e9s<\/a><\/span><\/span><\/h4>\n<h4><span style=\"font-family: verdana, geneva, sans-serif; color: #000000;\">7. T\u00e1j\u00e9koztat\u00f3 sz\u00fcl\u0151k r\u00e9sz\u00e9re: <span style=\"color: #0000ff;\"><a style=\"color: #0000ff;\" href=\"https:\/\/psgsuli.hu\/gimnazium\/wp-content\/uploads\/sites\/3\/2019\/06\/Sz\u00fcl\u0151i_t\u00e1j\u00e9koztat\u00f3.doc\">let\u00f6lt\u00e9s<\/a><\/span><\/span><\/h4>\n<h4><span style=\"font-family: verdana, geneva, sans-serif; color: #000000;\">72 \u00f3ra kompromisszumok n\u00e9lk\u00fcl <span style=\"color: #0000ff;\"><a style=\"color: #0000ff;\" href=\"https:\/\/psgsuli.hu\/gimnazium\/category\/72-ora\/\">ITT<\/a><\/span><\/span><\/h4>\n<h4><span style=\"font-family: verdana, geneva, sans-serif; color: #000000;\">\u00c9TA &#8211; \u00c9rtelmi S\u00e9r\u00fclteket Szolg\u00e1l\u00f3 T\u00e1rsadalmi Szervezetek \u00e9s Alap\u00edtv\u00e1nyok Orsz\u00e1gos Sz\u00f6vets\u00e9ge <span style=\"color: #0000ff;\"><a style=\"color: #0000ff;\" href=\"https:\/\/psgsuli.hu\/gimnazium\/category\/eta\/\">ITT<\/a><\/span><\/span><\/h4>\n<h4><span style=\"font-family: verdana, geneva, sans-serif; color: #000000;\">A sz\u00fcl\u0151i \u00e9rtekezleten elhangzott t\u00e1j\u00e9koztat\u00f3 anyaga megtekinthet\u0151 <a href=\"https:\/\/psgsuli.hu\/gimnazium\/wp-content\/uploads\/sites\/3\/2025\/09\/IKSZ-Tajekoztato-szuloknek-2025.pdf\"><span style=\"color: #0000ff;\">itt<\/span><\/a>.<\/span><\/h4>\n<\/div>\n","protected":false},"excerpt":{"rendered":"<p>1. Fogad\u00f3 int\u00e9zm\u00e9nyek: (m\u00f3dos\u00edtva: 2025. november 10.) let\u00f6lt\u00e9s 2. A k\u00f6z\u00f6ss\u00e9gi szolg\u00e1latra vonatkoz\u00f3 jogszab\u00e1lyok: let\u00f6lt\u00e9s 3. K\u00f6z\u00f6ss\u00e9gi szolg\u00e1lat napl\u00f3ja: let\u00f6lt\u00e9s (r\u00e9gi) 4. K\u00f6z\u00f6ss\u00e9gi szolg\u00e1lat szervez\u00e9s\u00e9vel kapcsolatos szab\u00e1lyzat: let\u00f6lt\u00e9s 5. M\u00f3dszertani aj\u00e1nl\u00e1s: let\u00f6lt\u00e9s 6. T\u00e1j\u00e9koztat\u00f3 fogad\u00f3 int\u00e9zm\u00e9nyek r\u00e9sz\u00e9re: let\u00f6lt\u00e9s 7. T\u00e1j\u00e9koztat\u00f3 sz\u00fcl\u0151k r\u00e9sz\u00e9re: let\u00f6lt\u00e9s 72 \u00f3ra kompromisszumok n\u00e9lk\u00fcl ITT \u00c9TA &#8211; \u00c9rtelmi S\u00e9r\u00fclteket Szolg\u00e1l\u00f3 T\u00e1rsadalmi Szervezetek [&hellip;]<\/p>\n","protected":false},"author":2,"featured_media":0,"parent":0,"menu_order":0,"comment_status":"closed","ping_status":"closed","template":"","meta":{"footnotes":""},"class_list":["post-1021","page","type-page","status-publish","hentry"],"_links":{"self":[{"href":"https:\/\/psgsuli.hu\/gimnazium\/wp-json\/wp\/v2\/pages\/1021","targetHints":{"allow":["GET"]}}],"collection":[{"href":"https:\/\/psgsuli.hu\/gimnazium\/wp-json\/wp\/v2\/pages"}],"about":[{"href":"https:\/\/psgsuli.hu\/gimnazium\/wp-json\/wp\/v2\/types\/page"}],"author":[{"embeddable":true,"href":"https:\/\/psgsuli.hu\/gimnazium\/wp-json\/wp\/v2\/users\/2"}],"replies":[{"embeddable":true,"href":"https:\/\/psgsuli.hu\/gimnazium\/wp-json\/wp\/v2\/comments?post=1021"}],"version-history":[{"count":24,"href":"https:\/\/psgsuli.hu\/gimnazium\/wp-json\/wp\/v2\/pages\/1021\/revisions"}],"predecessor-version":[{"id":12090,"href":"https:\/\/psgsuli.hu\/gimnazium\/wp-json\/wp\/v2\/pages\/1021\/revisions\/12090"}],"wp:attachment":[{"href":"https:\/\/psgsuli.hu\/gimnazium\/wp-json\/wp\/v2\/media?parent=1021"}],"curies":[{"name":"wp","href":"https:\/\/api.w.org\/{rel}","templated":true}]}}